{"id":75,"date":"2023-03-21T11:13:22","date_gmt":"2023-03-21T11:13:22","guid":{"rendered":"https:\/\/publicaciones.4gatos.es\/cartografia-militar\/back-matter\/bibliografia\/"},"modified":"2023-03-21T11:13:22","modified_gmt":"2023-03-21T11:13:22","slug":"bibliografia","status":"publish","type":"back-matter","link":"https:\/\/publicaciones.4gatos.es\/cartografia-militar\/back-matter\/bibliografia\/","title":{"raw":"Bibliograf\u00eda","rendered":"Bibliograf\u00eda"},"content":{"raw":"\n<p style=\"text-align: justify;\">BONET CORREA, Antonio: <em>Cartograf\u00eda militar de plazas fuertes y ciudades espa\u00f1olas. Siglos XVII-XIX. Planos del Archivo Militar Franc\u00e9s<\/em>. Madrid: Instituto de Conservaci\u00f3n y Restauraci\u00f3n de Bienes Culturales, 1991.<\/p>\n<p style=\"text-align: justify;\">BROTTON, Jerry: <em>Historia del mundo en 12 mapas<\/em>. Madrid: Debate, 2014.<\/p>\n<p style=\"text-align: justify;\">C\u00c1MARA, Alicia (coord.): <em>Los ingenieros militares de la Monarqu\u00eda Hisp\u00e1nica en los siglos XVII y XVIII.<\/em> Madrid, Ministerio de Defensa, 2005.<\/p>\n<p style=\"text-align: justify;\">C\u00c1MARA, Alicia; MOREIRA, Rafael y VIGAN\u00d3, Marino: <em>Leonardo Turriano, Ingeniero del Rey<\/em>. Madrid, Fundaci\u00f3n Juanelo Turriano, 2010.<\/p>\n<p style=\"text-align: justify;\">CAPDEVILLA SUBIRANA, Joan: \u201cDel arte a la geometr\u00eda. Cartograf\u00eda militar de los siglos XVII y XVIII en Catalu\u00f1a\u201d. En: SEGOVIA, Francisco y N\u00d3VOA, Manuel: <em>El arte abaluartado en Catalu\u00f1a. Estrategia de defensa en el siglo XVII<\/em>. Madrid: Ministerio de Defensa, 2013.<\/p>\n<p style=\"text-align: justify;\">CRESPO SANZ, Antonio y VICENTE MAROTO, Mar\u00eda Isabel (coord.): <em>Mapas Antiguos de Espa\u00f1a de los siglos XV al XIX<\/em>. Valladolid, Rodr\u00edguez Torres, 2014.<\/p>\n<p style=\"text-align: justify;\">LACOSTE, Yves: <em>La Geograf\u00eda, un arma para la Guerra<\/em>. Madrid: Anagrama, 1978.<\/p>\n<p style=\"text-align: justify;\">L\u00cdTER MAYAYO, Carmen y SANCHIS BALLESTER, Francisca: <em>La obra de Tom\u00e1s L\u00f3pez: imagen cartogr\u00e1fica del siglo XVIII<\/em>. Madrid, Biblioteca Nacional, 2002.<\/p>\n<p style=\"text-align: justify;\">L\u00cdTER MAYAYO, Carmen; SANCHIS BALLESTER, Francisca y HERRERO VIGIL, Ana: <em>Cartograf\u00eda de Espa\u00f1a en la Biblioteca Nacional (siglos XVI al XIX)<\/em>. Madrid: Biblioteca Nacional de Espa\u00f1a, 1994.<\/p>\n<p style=\"text-align: justify;\">MARICHALAR, Javier: <em>Cartograf\u00eda Hist\u00f3rica de Extremadura (siglos XVI-XIX)<\/em>. Badajoz: Biblioteca de Extremadura, 2011. 2 vol.<\/p>\n<p style=\"text-align: justify;\">MART\u00cdN L\u00d3PEZ, Jos\u00e9: <em>Historia de la Cartograf\u00eda y de la Topograf\u00eda<\/em>. Madrid: Centro Nacional de Informaci\u00f3n Geogr\u00e1fica, 2002.<\/p>\n<p style=\"text-align: justify;\">ROBERTSON, Ian: <em>An Atlas of the Peninsular War<\/em>. Londres: Yale University Press, 2010.<\/p>\n<p style=\"text-align: justify;\">RODR\u00cdGUEZ CANCHO, Miguel (coord.): <em>La Guerra de la Independencia en Badajoz (1808-1814)<\/em>. Badajoz: Ayuntamiento de Badajoz, 2008.<\/p>\n<p style=\"text-align: justify;\">S\u00c1NCHEZ RUBIO, Carlos (coord.): <em>Historia e imagen de un asedio. Badajoz 1705<\/em>. Badajoz: 4 Gatos, 2010.<\/p>\n<p style=\"text-align: justify;\">S\u00c1NCHEZ RUBIO, Carlos y S\u00c1NCHEZ RUBIO, Roc\u00edo: <em>Badajoz en el Krigsarkivet. El hallazgo de la visi\u00f3n m\u00e1s lejana<\/em>. Badajoz, Ayuntamiento de Badajoz, 2003.<\/p>\n<p style=\"text-align: justify;\">S\u00c1NCHEZ RUBIO, Carlos: <em>Badajoz 1811-1812. Los asedios a trav\u00e9s de la cartograf\u00eda<\/em>. Badajoz: Ayuntamiento de Badajoz, 2014.<\/p>\n<p style=\"text-align: justify;\">S\u00c1NCHEZ RUBIO, Carlos; S\u00c1NCHEZ RUBIO, Roc\u00edo y TEST\u00d3N N\u00da\u00d1EZ, Isabel: <em>El Atlas M\u00e9dici de Lorenzo Possi, 1687. Piante d\u2019Estremadura e di Catalogna<\/em>. Badajoz: 4 Gatos, 2014.<\/p>\n<p style=\"text-align: justify;\">S\u00c1NCHEZ RUBIO, Carlos; TEST\u00d3N N\u00da\u00d1EZ, Isabel y S\u00c1NCHEZ RUBIO, Roc\u00edo: <em>Corograph\u00eda y descripci\u00f3n del territorio de la Plaza de Badaxos y fronteras del Reyno de Portugal confinantes a ella<\/em>. M\u00e9rida: Gabinete de Iniciativas Transfronterizas, 2003.<\/p>\n<p style=\"text-align: justify;\">S\u00c1NCHEZ RUBIO, Roc\u00edo; TEST\u00d3N N\u00da\u00d1EZ, Isabel y S\u00c1NCHEZ RUBIO, Carlos: <em>Im\u00e1genes de un Imperio Perdido. El Atlas del Marqu\u00e9s de Heliche<\/em>. M\u00e9rida: Junta de Extremadura, 2003.<\/p>\n<p style=\"text-align: justify;\">TEST\u00d3N N\u00da\u00d1EZ, Isabel; S\u00c1NCHEZ RUBIO, Carlos y S\u00c1NCHEZ RUBIO, Roc\u00edo: <em>Planos, Guerra y Frontera. La Raya Luso-Extreme\u00f1a en el Archivo Militar de Estocolmo<\/em>. M\u00e9rida: Gabinete de Iniciativas Transfronterizas, 2003<\/p>\n<p style=\"text-align: justify;\">TEST\u00d3N N\u00da\u00d1EZ, Isabel; S\u00c1NCHEZ RUBIO, Roc\u00edo y S\u00c1NCHEZ RUBIO Carlos: <em>Cartograf\u00eda de un espacio en guerra. Extremadura (1808-1812)<\/em>. Badajoz: Caja de Extremadura, 2008.<\/p>\n<p style=\"text-align: justify;\">TEST\u00d3N N\u00da\u00d1EZ, Isabel; S\u00c1NCHEZ RUBIO, Roc\u00edo y S\u00c1NCHEZ RUBIO, Carlos: <em>La Memoria Ausente. Cartograf\u00eda de Espa\u00f1a y Portugal en el Archivo Militar de Estocolmo. Siglos XVII y XVII11I<\/em>. Badajoz, 2006.<\/p>\n<p style=\"text-align: justify;\">TORRES GALLEGO, Gregorio: \u201cLa Guerra de la Independencia en Extremadura durante 1811: La Batalla de La Albuera, participaci\u00f3n artillera\u201d. En: <em>II Jornadas Artilleras de Extremadura<\/em>. Badajoz, Grupo de Artiller\u00eda XI, 2002. 35- 51.<\/p>\n<p style=\"text-align: justify;\">VV.AA.: <em>Cartograf\u00eda de la Guerra de la Independencia<\/em>. Madrid: Ministerio de Defensa, Ollero Ramos editores, 2008.<\/p>\n<p style=\"text-align: justify;\">VV.AA.: <em>Los mapas: ventanas al tiempo y al espacio. Bicentenario de la creaci\u00f3n del Cuerpo de Estado Mayor (1810-2010)<\/em>. Madrid: Centro de Estudios Geogr\u00e1ficos del Ej\u00e9rcito de Tierra (CEGET), 2010.<\/p>\n","rendered":"<p style=\"text-align: justify;\">BONET CORREA, Antonio: <em>Cartograf\u00eda militar de plazas fuertes y ciudades espa\u00f1olas. Siglos XVII-XIX. Planos del Archivo Militar Franc\u00e9s<\/em>. Madrid: Instituto de Conservaci\u00f3n y Restauraci\u00f3n de Bienes Culturales, 1991.<\/p>\n<p style=\"text-align: justify;\">BROTTON, Jerry: <em>Historia del mundo en 12 mapas<\/em>. Madrid: Debate, 2014.<\/p>\n<p style=\"text-align: justify;\">C\u00c1MARA, Alicia (coord.): <em>Los ingenieros militares de la Monarqu\u00eda Hisp\u00e1nica en los siglos XVII y XVIII.<\/em> Madrid, Ministerio de Defensa, 2005.<\/p>\n<p style=\"text-align: justify;\">C\u00c1MARA, Alicia; MOREIRA, Rafael y VIGAN\u00d3, Marino: <em>Leonardo Turriano, Ingeniero del Rey<\/em>. Madrid, Fundaci\u00f3n Juanelo Turriano, 2010.<\/p>\n<p style=\"text-align: justify;\">CAPDEVILLA SUBIRANA, Joan: \u201cDel arte a la geometr\u00eda. Cartograf\u00eda militar de los siglos XVII y XVIII en Catalu\u00f1a\u201d. En: SEGOVIA, Francisco y N\u00d3VOA, Manuel: <em>El arte abaluartado en Catalu\u00f1a. Estrategia de defensa en el siglo XVII<\/em>. Madrid: Ministerio de Defensa, 2013.<\/p>\n<p style=\"text-align: justify;\">CRESPO SANZ, Antonio y VICENTE MAROTO, Mar\u00eda Isabel (coord.): <em>Mapas Antiguos de Espa\u00f1a de los siglos XV al XIX<\/em>. Valladolid, Rodr\u00edguez Torres, 2014.<\/p>\n<p style=\"text-align: justify;\">LACOSTE, Yves: <em>La Geograf\u00eda, un arma para la Guerra<\/em>. Madrid: Anagrama, 1978.<\/p>\n<p style=\"text-align: justify;\">L\u00cdTER MAYAYO, Carmen y SANCHIS BALLESTER, Francisca: <em>La obra de Tom\u00e1s L\u00f3pez: imagen cartogr\u00e1fica del siglo XVIII<\/em>. Madrid, Biblioteca Nacional, 2002.<\/p>\n<p style=\"text-align: justify;\">L\u00cdTER MAYAYO, Carmen; SANCHIS BALLESTER, Francisca y HERRERO VIGIL, Ana: <em>Cartograf\u00eda de Espa\u00f1a en la Biblioteca Nacional (siglos XVI al XIX)<\/em>. Madrid: Biblioteca Nacional de Espa\u00f1a, 1994.<\/p>\n<p style=\"text-align: justify;\">MARICHALAR, Javier: <em>Cartograf\u00eda Hist\u00f3rica de Extremadura (siglos XVI-XIX)<\/em>. Badajoz: Biblioteca de Extremadura, 2011. 2 vol.<\/p>\n<p style=\"text-align: justify;\">MART\u00cdN L\u00d3PEZ, Jos\u00e9: <em>Historia de la Cartograf\u00eda y de la Topograf\u00eda<\/em>. Madrid: Centro Nacional de Informaci\u00f3n Geogr\u00e1fica, 2002.<\/p>\n<p style=\"text-align: justify;\">ROBERTSON, Ian: <em>An Atlas of the Peninsular War<\/em>. Londres: Yale University Press, 2010.<\/p>\n<p style=\"text-align: justify;\">RODR\u00cdGUEZ CANCHO, Miguel (coord.): <em>La Guerra de la Independencia en Badajoz (1808-1814)<\/em>. Badajoz: Ayuntamiento de Badajoz, 2008.<\/p>\n<p style=\"text-align: justify;\">S\u00c1NCHEZ RUBIO, Carlos (coord.): <em>Historia e imagen de un asedio. Badajoz 1705<\/em>. Badajoz: 4 Gatos, 2010.<\/p>\n<p style=\"text-align: justify;\">S\u00c1NCHEZ RUBIO, Carlos y S\u00c1NCHEZ RUBIO, Roc\u00edo: <em>Badajoz en el Krigsarkivet. El hallazgo de la visi\u00f3n m\u00e1s lejana<\/em>. Badajoz, Ayuntamiento de Badajoz, 2003.<\/p>\n<p style=\"text-align: justify;\">S\u00c1NCHEZ RUBIO, Carlos: <em>Badajoz 1811-1812. Los asedios a trav\u00e9s de la cartograf\u00eda<\/em>. Badajoz: Ayuntamiento de Badajoz, 2014.<\/p>\n<p style=\"text-align: justify;\">S\u00c1NCHEZ RUBIO, Carlos; S\u00c1NCHEZ RUBIO, Roc\u00edo y TEST\u00d3N N\u00da\u00d1EZ, Isabel: <em>El Atlas M\u00e9dici de Lorenzo Possi, 1687. Piante d\u2019Estremadura e di Catalogna<\/em>. Badajoz: 4 Gatos, 2014.<\/p>\n<p style=\"text-align: justify;\">S\u00c1NCHEZ RUBIO, Carlos; TEST\u00d3N N\u00da\u00d1EZ, Isabel y S\u00c1NCHEZ RUBIO, Roc\u00edo: <em>Corograph\u00eda y descripci\u00f3n del territorio de la Plaza de Badaxos y fronteras del Reyno de Portugal confinantes a ella<\/em>. M\u00e9rida: Gabinete de Iniciativas Transfronterizas, 2003.<\/p>\n<p style=\"text-align: justify;\">S\u00c1NCHEZ RUBIO, Roc\u00edo; TEST\u00d3N N\u00da\u00d1EZ, Isabel y S\u00c1NCHEZ RUBIO, Carlos: <em>Im\u00e1genes de un Imperio Perdido. El Atlas del Marqu\u00e9s de Heliche<\/em>. M\u00e9rida: Junta de Extremadura, 2003.<\/p>\n<p style=\"text-align: justify;\">TEST\u00d3N N\u00da\u00d1EZ, Isabel; S\u00c1NCHEZ RUBIO, Carlos y S\u00c1NCHEZ RUBIO, Roc\u00edo: <em>Planos, Guerra y Frontera. La Raya Luso-Extreme\u00f1a en el Archivo Militar de Estocolmo<\/em>. M\u00e9rida: Gabinete de Iniciativas Transfronterizas, 2003<\/p>\n<p style=\"text-align: justify;\">TEST\u00d3N N\u00da\u00d1EZ, Isabel; S\u00c1NCHEZ RUBIO, Roc\u00edo y S\u00c1NCHEZ RUBIO Carlos: <em>Cartograf\u00eda de un espacio en guerra. Extremadura (1808-1812)<\/em>. Badajoz: Caja de Extremadura, 2008.<\/p>\n<p style=\"text-align: justify;\">TEST\u00d3N N\u00da\u00d1EZ, Isabel; S\u00c1NCHEZ RUBIO, Roc\u00edo y S\u00c1NCHEZ RUBIO, Carlos: <em>La Memoria Ausente. Cartograf\u00eda de Espa\u00f1a y Portugal en el Archivo Militar de Estocolmo. Siglos XVII y XVII11I<\/em>. Badajoz, 2006.<\/p>\n<p style=\"text-align: justify;\">TORRES GALLEGO, Gregorio: \u201cLa Guerra de la Independencia en Extremadura durante 1811: La Batalla de La Albuera, participaci\u00f3n artillera\u201d. En: <em>II Jornadas Artilleras de Extremadura<\/em>. Badajoz, Grupo de Artiller\u00eda XI, 2002. 35- 51.<\/p>\n<p style=\"text-align: justify;\">VV.AA.: <em>Cartograf\u00eda de la Guerra de la Independencia<\/em>. Madrid: Ministerio de Defensa, Ollero Ramos editores, 2008.<\/p>\n<p style=\"text-align: justify;\">VV.AA.: <em>Los mapas: ventanas al tiempo y al espacio. Bicentenario de la creaci\u00f3n del Cuerpo de Estado Mayor (1810-2010)<\/em>. Madrid: Centro de Estudios Geogr\u00e1ficos del Ej\u00e9rcito de Tierra (CEGET), 2010.<\/p>\n","protected":false},"author":1,"menu_order":2,"template":"","meta":{"pb_show_title":"on","pb_short_title":"","pb_subtitle":"","pb_authors":[],"pb_section_license":""},"back-matter-type":[40],"contributor":[],"license":[],"_links":{"self":[{"href":"https:\/\/publicaciones.4gatos.es\/cartografia-militar\/wp-json\/pressbooks\/v2\/back-matter\/75"}],"collection":[{"href":"https:\/\/publicaciones.4gatos.es\/cartografia-militar\/wp-json\/pressbooks\/v2\/back-matter"}],"about":[{"href":"https:\/\/publicaciones.4gatos.es\/cartografia-militar\/wp-json\/wp\/v2\/types\/back-matter"}],"author":[{"embeddable":true,"href":"https:\/\/publicaciones.4gatos.es\/cartografia-militar\/wp-json\/wp\/v2\/users\/1"}],"version-history":[{"count":0,"href":"https:\/\/publicaciones.4gatos.es\/cartografia-militar\/wp-json\/pressbooks\/v2\/back-matter\/75\/revisions"}],"metadata":[{"href":"https:\/\/publicaciones.4gatos.es\/cartografia-militar\/wp-json\/pressbooks\/v2\/back-matter\/75\/metadata\/"}],"wp:attachment":[{"href":"https:\/\/publicaciones.4gatos.es\/cartografia-militar\/wp-json\/wp\/v2\/media?parent=75"}],"wp:term":[{"taxonomy":"back-matter-type","embeddable":true,"href":"https:\/\/publicaciones.4gatos.es\/cartografia-militar\/wp-json\/pressbooks\/v2\/back-matter-type?post=75"},{"taxonomy":"contributor","embeddable":true,"href":"https:\/\/publicaciones.4gatos.es\/cartografia-militar\/wp-json\/wp\/v2\/contributor?post=75"},{"taxonomy":"license","embeddable":true,"href":"https:\/\/publicaciones.4gatos.es\/cartografia-militar\/wp-json\/wp\/v2\/license?post=75"}],"curies":[{"name":"wp","href":"https:\/\/api.w.org\/{rel}","templated":true}]}}