{"id":61,"date":"2023-03-21T11:13:18","date_gmt":"2023-03-21T11:13:18","guid":{"rendered":"https:\/\/publicaciones.4gatos.es\/cartografia-militar\/chapter\/la-guerra-de-la-independencia-espanola-contexto-historico\/"},"modified":"2023-03-21T11:20:13","modified_gmt":"2023-03-21T11:20:13","slug":"la-guerra-de-la-independencia-espanola-contexto-historico","status":"publish","type":"chapter","link":"https:\/\/publicaciones.4gatos.es\/cartografia-militar\/chapter\/la-guerra-de-la-independencia-espanola-contexto-historico\/","title":{"raw":"10. Contexto hist\u00f3rico","rendered":"10. Contexto hist\u00f3rico"},"content":{"raw":"<p style=\"text-align: justify;\">La Revoluci\u00f3n Francesa de 1779, y con ello el final del Antiguo R\u00e9gimen, fue un suceso de extraordinarias consecuencias que produjo convulsiones por todo el territorio europeo. El final del siglo XVIII qued\u00f3 marcado por numerosos conflictos y guerras entre la Francia revolucionaria, y posteriormente la imperial de Napole\u00f3n Bonaparte, y el resto de pa\u00edses del continente. En Espa\u00f1a este periodo estar\u00e1 caracterizado, adem\u00e1s, por enfrentamientos entre las \u00e9lites sociales y culturales, entre los partidarios de seguir los postulados de la revoluci\u00f3n y los temerosos de perder el <em>statu quo<\/em> imperante. Pero tambi\u00e9n es una \u00e9poca de discordias crecientes en la Familia Real,[footnote]Miguel RODR\u00cdGUEZ CANCHO (coord.): <em>La Guerra de la Independencia en Badajoz (1808-1814)<\/em>. Badajoz: Ayuntamiento de Badajoz, 2008, p.11.[\/footnote] que desembocaron finalmente en la abdicaci\u00f3n de Carlos IV en favor de su hijo Fernando VII en 1808.<\/p>\r\n<p style=\"text-align: justify;\">El detonante final para el estallido de la Guerra de la Independencia Espa\u00f1ola hay que buscarlo en la necesidad del ej\u00e9rcito napole\u00f3nico de atravesar la pen\u00ednsula con la intenci\u00f3n de bloquear el tr\u00e1fico mar\u00edtimo entre Portugal e Inglaterra, para as\u00ed ahogar el comercio con las islas brit\u00e1nicas, provocar su desabastecimiento \u2013pues algunos de sus principales puertos suministradores se encontraban en Portugal\u2013, y debilitar a su principal enemigo.<\/p>\r\n<p style=\"text-align: justify;\">De esta forma, los ej\u00e9rcitos imperiales entraron en Espa\u00f1a como aliados en octubre de 1807 para dirigirse te\u00f3ricamente hacia Portugal. Pero este movimiento encubri\u00f3 una ocupaci\u00f3n del territorio espa\u00f1ol que desemboc\u00f3, tras el 2 de mayo de 1808, en un levantamiento popular contra el ej\u00e9rcito franc\u00e9s y sus aliados, entre los cuales, nunca hay que olvidarlo, hab\u00eda tambi\u00e9n tropas espa\u00f1olas. Esta \u00faltima caracter\u00edstica confiri\u00f3 adem\u00e1s al conflicto algunos de los perfiles de una aut\u00e9ntica guerra civil.<\/p>\r\n<p style=\"text-align: justify;\">Durante casi seis a\u00f1os, entre 1808 y 1814, la pen\u00ednsula se convirti\u00f3 en un teatro de batalla donde los ej\u00e9rcitos brit\u00e1nicos, franceses, espa\u00f1oles y portugueses principalmente, dirimieron batallas y protagonizaron asedios tanto fallidos como victoriosos, con inmensos movimientos de tropas por todo el territorio peninsular.<\/p>\r\n<p style=\"text-align: justify;\">Pero a pesar de esos grandes movimientos de tropas por toda la geograf\u00eda, los trescientos mil soldados con los que contaba el ej\u00e9rcito napole\u00f3nico en la Pen\u00ednsula Ib\u00e9rica nunca pudieron garantizar una ocupaci\u00f3n efectiva del territorio peninsular.[footnote]Gregorio TORRES GALLEGO: \u201cLa Guerra de la Independencia en Extremadura durante 1811: La Batalla de La Albuera, participaci\u00f3n artillera\u201d. En: <em>II Jornadas Artilleras de Extremadura<\/em>. Badajoz, Grupo de Artiller\u00eda XI, 2002, p. 35.[\/footnote] Finalmente, tras la batalla de Toulouse, el 10 de abril de 1814, pudo darse por concluida esta guerra, que termin\u00f3 con la expulsi\u00f3n del ej\u00e9rcito imperial de la pen\u00ednsula y la reposici\u00f3n de Fernando VII en el trono de Espa\u00f1a.<\/p>\r\n<p style=\"text-align: justify;\">Pero la Guerra de la Independencia, un episodio m\u00e1s de las guerras napole\u00f3nicas que sacudieron el continente hasta la final y decisiva batalla de Waterloo el 18 de junio de 1815,[footnote]Alessandro BARBERO:<em> La batalla. Historia de Waterloo<\/em>. Madrid: Destino, 2004.[\/footnote] fue sin duda un cap\u00edtulo diferente y determinante para la derrota napole\u00f3nica y, por tanto, para el futuro de Europa. Las experimentadas tropas de Napole\u00f3n, que hab\u00edan recorrido victoriosas los campos de batalla de toda Europa, se vieron sorprendidas por el escenario que se les present\u00f3 en la pen\u00ednsula. No solamente deb\u00edan luchar contra un ej\u00e9rcito regular, al que derrotaron de forma casi constante pero que volv\u00eda a rehacerse una y otra vez; adem\u00e1s de eso, \u201c<em>los frentes de combate se diversificaron sin previo aviso, por sorpresa, as\u00ed como las armas y las t\u00e1cticas de ataque se multiplicaron fuera de los m\u00e1rgenes de la ortodoxia militar.<\/em>\u201d[footnote]Mar\u00eda Dolores HERRERO FERN\u00c1NDEZ-QUESADA: \u201cEl ej\u00e9rcito en la Guerra de la Independencia. Badajoz en la frontera\u201d. En: RODR\u00cdGUEZ CANCHO, Miguel (coord.): <em>La Guerra de la Independencia en Badajoz...,<\/em>\u00a0p. 203.[\/footnote]<\/p>\r\n<p style=\"text-align: justify;\">El ej\u00e9rcito espa\u00f1ol, derrotado en el campo de batalla una vez tras otra, reaparec\u00eda poco despu\u00e9s para seguir luchando y desgastando al enemigo; las desorganizadas partidas de guerrilleros, por su parte, obstaculizaban de forma sistem\u00e1tica el control del territorio por parte del ej\u00e9rcito napole\u00f3nico, al que no le qued\u00f3 otra alternativa que adoptar una t\u00e1ctica defensiva, algo en lo que no era tan experto. Y as\u00ed surgi\u00f3 entre sus filas el miedo, como se\u00f1ala igualmente HERRERO FERN\u00c1NDEZ-QUESADA;[footnote]<em>\u00cdbidem<\/em>, p. 204.[\/footnote] las tropas francesas se vieron afectadas por el miedo, por el terror a un enemigo formado por todo un pueblo combatiente y ubicuo, que deshac\u00eda cualquier estrategia militar ortodoxa, algo a lo que no se hab\u00edan enfrentado en ninguna otra latitud europea.<\/p>\r\n<p style=\"text-align: justify;\">En este contexto, el territorio extreme\u00f1o fue uno de los espacios clave de la Guerra de la Independencia Espa\u00f1ola. Su posici\u00f3n geogr\u00e1fica, casi en el centro peninsular, y su car\u00e1cter de paso forzoso en cualquier comunicaci\u00f3n entre Espa\u00f1a y Portugal convirtieron la regi\u00f3n en un enclave vital para todos los ej\u00e9rcitos en esta guerra.<\/p>\r\n<p style=\"text-align: justify;\">A las caracter\u00edsticas generales de esta guerra, con objetivos y prop\u00f3sitos tan distintos para cada uno de los ej\u00e9rcitos, hay que sumar<\/p>\r\n\r\n<blockquote>\r\n<div class=\"textbox shaded\" style=\"text-align: justify;\"><em>la complejidad que a\u00f1adi\u00f3 este escenario al desarrollo de la que los historiadores franceses denominan Guerra de Espa\u00f1a, los brit\u00e1nicos Peninsular war, los espa\u00f1oles Guerra de la Independencia, y que recibi\u00f3 el calificativo de desdichada y \u201cla causa primera de las desgracias de Francia\u201d por parte de su instigador, Napole\u00f3n Bonaparte.<\/em>[footnote]Miguel MEL\u00d3N JIM\u00c9NEZ: \u201cExtremadura en la Guerra de la Independencia. Un complejo teatro de operaciones militares (1808-1812)\u201d. En: Isabel TEST\u00d3N N\u00da\u00d1EZ, Roc\u00edo S\u00c1NCHEZ RUBIO y Carlos S\u00c1NCHEZ RUBIO.: <em>Cartograf\u00eda de un espacio en guerra\u2026<\/em>, p. 23.[\/footnote]<\/div><\/blockquote>\r\n<p style=\"text-align: justify;\">Ya desde 1809, cuando el duque de Wellington, comandante de las tropas aliadas luso-brit\u00e1nicas, estableci\u00f3 su cuartel general en Badajoz durante algunos meses, la posesi\u00f3n, control y aseguramiento del territorio extreme\u00f1o se hab\u00eda convertido en un objetivo primordial para el ej\u00e9rcito napole\u00f3nico.[footnote]Gregorio TORRES GALLEGO: \u201cLa Guerra de la Independencia en Extremadura durante 1811: La Batalla de La Albuera, participaci\u00f3n artillera\u201d. En: <em>VV.AA. II Jornadas Artilleras de Extremadura...<\/em>, pp. 35- 51.[\/footnote] Las tropas de Wellington, por su parte, una vez aseguradas sus posiciones en el interior de Portugal, con las famosas <em>l\u00edneas de Torres-Vedras<\/em> defendiendo Lisboa, entraban a combatir en territorio espa\u00f1ol solo cuando las circunstancias les eran propicias. Mientras, el ej\u00e9rcito espa\u00f1ol de la zona, encabezado inicialmente por el marqu\u00e9s de la Romana y, tras su muerte, por el general Casta\u00f1os, trataba de mantener sus posiciones e intentaba hostigar al enemigo.<\/p>\r\n<p style=\"text-align: justify;\">Por todas estas circunstancias, el peso estrat\u00e9gico de la zona extreme\u00f1a, de la Raya, fue aumentando a lo largo de todo el conflicto. El dominio y control de este territorio se revel\u00f3 fundamental para los tres ej\u00e9rcitos en liza para la resoluci\u00f3n final de la guerra. De ah\u00ed la sucesi\u00f3n de episodios b\u00e9licos que tienen este territorio de frontera como escenario, como los asedios puestos por los diferentes ej\u00e9rcitos en estos a\u00f1os: Olivenza en dos ocasiones, ambas en 1811; Campo Maior en 1811; Ciudad Rodrigo en otras dos oportunidades en 1810 y 1812, y Badajoz hasta en cuatro ocasiones entre 1811 y 1812.[footnote]Carlos S\u00c1NCHEZ RUBIO: <em>Badajoz, 1811-1812...<\/em>[\/footnote]<\/p>\r\n<p style=\"text-align: justify;\">Pero tambi\u00e9n fueron varias las ocasiones en que los ej\u00e9rcitos se enfrentaron directamente en batallas que tuvieron lugar en el espacio fronterizo, incluyendo la actual regi\u00f3n extreme\u00f1a, siendo algunas de las m\u00e1s relevantes las batallas de Talavera (1809), Medell\u00edn (1809), Cantalgallo (1810), Santa Engracia (1811), La Albuera (1811), Arroyomolinos de Mont\u00e1nchez (1811) e incluso la de los Arapiles, en las cercan\u00edas de Salamanca (1812).[footnote]Para tener una visi\u00f3n general de la Guerra de la Independencia Espa\u00f1ola puede consultarse la obra Jos\u00e9 Gregorio CAYUELA FERN\u00c1NDEZ y Jos\u00e9 \u00c1ngel GALLEGO PALOMARES: <em>La Guerra de la Independencia. Historia b\u00e9lica, pueblo y naci\u00f3n en Espa\u00f1a (1808-1814)<\/em>. Salamanca: Universidad de Salamanca, 2008. Tambi\u00e9n Ricardo GARC\u00cdA C\u00c1RCEL: <em>El sue\u00f1o de la naci\u00f3n indomable. Los mitos de la Guerra de la Independencia.<\/em> Madrid: Booket, 2008. Por \u00faltimo, Carlos GARC\u00cdA SANTACARA: <em>La Guerra de la Independencia vista por los brit\u00e1nicos 1808-1814<\/em>. Madrid: Antonio Machado Libros, 2005.[\/footnote]<\/p>","rendered":"<p style=\"text-align: justify;\">La Revoluci\u00f3n Francesa de 1779, y con ello el final del Antiguo R\u00e9gimen, fue un suceso de extraordinarias consecuencias que produjo convulsiones por todo el territorio europeo. El final del siglo XVIII qued\u00f3 marcado por numerosos conflictos y guerras entre la Francia revolucionaria, y posteriormente la imperial de Napole\u00f3n Bonaparte, y el resto de pa\u00edses del continente. En Espa\u00f1a este periodo estar\u00e1 caracterizado, adem\u00e1s, por enfrentamientos entre las \u00e9lites sociales y culturales, entre los partidarios de seguir los postulados de la revoluci\u00f3n y los temerosos de perder el <em>statu quo<\/em> imperante. Pero tambi\u00e9n es una \u00e9poca de discordias crecientes en la Familia Real,<a class=\"footnote\" title=\"Miguel RODR\u00cdGUEZ CANCHO (coord.): La Guerra de la Independencia en Badajoz (1808-1814). Badajoz: Ayuntamiento de Badajoz, 2008, p.11.\" id=\"return-footnote-61-1\" href=\"#footnote-61-1\" aria-label=\"Footnote 1\"><sup class=\"footnote\">[1]<\/sup><\/a> que desembocaron finalmente en la abdicaci\u00f3n de Carlos IV en favor de su hijo Fernando VII en 1808.<\/p>\n<p style=\"text-align: justify;\">El detonante final para el estallido de la Guerra de la Independencia Espa\u00f1ola hay que buscarlo en la necesidad del ej\u00e9rcito napole\u00f3nico de atravesar la pen\u00ednsula con la intenci\u00f3n de bloquear el tr\u00e1fico mar\u00edtimo entre Portugal e Inglaterra, para as\u00ed ahogar el comercio con las islas brit\u00e1nicas, provocar su desabastecimiento \u2013pues algunos de sus principales puertos suministradores se encontraban en Portugal\u2013, y debilitar a su principal enemigo.<\/p>\n<p style=\"text-align: justify;\">De esta forma, los ej\u00e9rcitos imperiales entraron en Espa\u00f1a como aliados en octubre de 1807 para dirigirse te\u00f3ricamente hacia Portugal. Pero este movimiento encubri\u00f3 una ocupaci\u00f3n del territorio espa\u00f1ol que desemboc\u00f3, tras el 2 de mayo de 1808, en un levantamiento popular contra el ej\u00e9rcito franc\u00e9s y sus aliados, entre los cuales, nunca hay que olvidarlo, hab\u00eda tambi\u00e9n tropas espa\u00f1olas. Esta \u00faltima caracter\u00edstica confiri\u00f3 adem\u00e1s al conflicto algunos de los perfiles de una aut\u00e9ntica guerra civil.<\/p>\n<p style=\"text-align: justify;\">Durante casi seis a\u00f1os, entre 1808 y 1814, la pen\u00ednsula se convirti\u00f3 en un teatro de batalla donde los ej\u00e9rcitos brit\u00e1nicos, franceses, espa\u00f1oles y portugueses principalmente, dirimieron batallas y protagonizaron asedios tanto fallidos como victoriosos, con inmensos movimientos de tropas por todo el territorio peninsular.<\/p>\n<p style=\"text-align: justify;\">Pero a pesar de esos grandes movimientos de tropas por toda la geograf\u00eda, los trescientos mil soldados con los que contaba el ej\u00e9rcito napole\u00f3nico en la Pen\u00ednsula Ib\u00e9rica nunca pudieron garantizar una ocupaci\u00f3n efectiva del territorio peninsular.<a class=\"footnote\" title=\"Gregorio TORRES GALLEGO: \u201cLa Guerra de la Independencia en Extremadura durante 1811: La Batalla de La Albuera, participaci\u00f3n artillera\u201d. En: II Jornadas Artilleras de Extremadura. Badajoz, Grupo de Artiller\u00eda XI, 2002, p. 35.\" id=\"return-footnote-61-2\" href=\"#footnote-61-2\" aria-label=\"Footnote 2\"><sup class=\"footnote\">[2]<\/sup><\/a> Finalmente, tras la batalla de Toulouse, el 10 de abril de 1814, pudo darse por concluida esta guerra, que termin\u00f3 con la expulsi\u00f3n del ej\u00e9rcito imperial de la pen\u00ednsula y la reposici\u00f3n de Fernando VII en el trono de Espa\u00f1a.<\/p>\n<p style=\"text-align: justify;\">Pero la Guerra de la Independencia, un episodio m\u00e1s de las guerras napole\u00f3nicas que sacudieron el continente hasta la final y decisiva batalla de Waterloo el 18 de junio de 1815,<a class=\"footnote\" title=\"Alessandro BARBERO: La batalla. Historia de Waterloo. Madrid: Destino, 2004.\" id=\"return-footnote-61-3\" href=\"#footnote-61-3\" aria-label=\"Footnote 3\"><sup class=\"footnote\">[3]<\/sup><\/a> fue sin duda un cap\u00edtulo diferente y determinante para la derrota napole\u00f3nica y, por tanto, para el futuro de Europa. Las experimentadas tropas de Napole\u00f3n, que hab\u00edan recorrido victoriosas los campos de batalla de toda Europa, se vieron sorprendidas por el escenario que se les present\u00f3 en la pen\u00ednsula. No solamente deb\u00edan luchar contra un ej\u00e9rcito regular, al que derrotaron de forma casi constante pero que volv\u00eda a rehacerse una y otra vez; adem\u00e1s de eso, \u201c<em>los frentes de combate se diversificaron sin previo aviso, por sorpresa, as\u00ed como las armas y las t\u00e1cticas de ataque se multiplicaron fuera de los m\u00e1rgenes de la ortodoxia militar.<\/em>\u201d<a class=\"footnote\" title=\"Mar\u00eda Dolores HERRERO FERN\u00c1NDEZ-QUESADA: \u201cEl ej\u00e9rcito en la Guerra de la Independencia. Badajoz en la frontera\u201d. En: RODR\u00cdGUEZ CANCHO, Miguel (coord.): La Guerra de la Independencia en Badajoz...,\u00a0p. 203.\" id=\"return-footnote-61-4\" href=\"#footnote-61-4\" aria-label=\"Footnote 4\"><sup class=\"footnote\">[4]<\/sup><\/a><\/p>\n<p style=\"text-align: justify;\">El ej\u00e9rcito espa\u00f1ol, derrotado en el campo de batalla una vez tras otra, reaparec\u00eda poco despu\u00e9s para seguir luchando y desgastando al enemigo; las desorganizadas partidas de guerrilleros, por su parte, obstaculizaban de forma sistem\u00e1tica el control del territorio por parte del ej\u00e9rcito napole\u00f3nico, al que no le qued\u00f3 otra alternativa que adoptar una t\u00e1ctica defensiva, algo en lo que no era tan experto. Y as\u00ed surgi\u00f3 entre sus filas el miedo, como se\u00f1ala igualmente HERRERO FERN\u00c1NDEZ-QUESADA;<a class=\"footnote\" title=\"\u00cdbidem, p. 204.\" id=\"return-footnote-61-5\" href=\"#footnote-61-5\" aria-label=\"Footnote 5\"><sup class=\"footnote\">[5]<\/sup><\/a> las tropas francesas se vieron afectadas por el miedo, por el terror a un enemigo formado por todo un pueblo combatiente y ubicuo, que deshac\u00eda cualquier estrategia militar ortodoxa, algo a lo que no se hab\u00edan enfrentado en ninguna otra latitud europea.<\/p>\n<p style=\"text-align: justify;\">En este contexto, el territorio extreme\u00f1o fue uno de los espacios clave de la Guerra de la Independencia Espa\u00f1ola. Su posici\u00f3n geogr\u00e1fica, casi en el centro peninsular, y su car\u00e1cter de paso forzoso en cualquier comunicaci\u00f3n entre Espa\u00f1a y Portugal convirtieron la regi\u00f3n en un enclave vital para todos los ej\u00e9rcitos en esta guerra.<\/p>\n<p style=\"text-align: justify;\">A las caracter\u00edsticas generales de esta guerra, con objetivos y prop\u00f3sitos tan distintos para cada uno de los ej\u00e9rcitos, hay que sumar<\/p>\n<blockquote>\n<div class=\"textbox shaded\" style=\"text-align: justify;\"><em>la complejidad que a\u00f1adi\u00f3 este escenario al desarrollo de la que los historiadores franceses denominan Guerra de Espa\u00f1a, los brit\u00e1nicos Peninsular war, los espa\u00f1oles Guerra de la Independencia, y que recibi\u00f3 el calificativo de desdichada y \u201cla causa primera de las desgracias de Francia\u201d por parte de su instigador, Napole\u00f3n Bonaparte.<\/em><a class=\"footnote\" title=\"Miguel MEL\u00d3N JIM\u00c9NEZ: \u201cExtremadura en la Guerra de la Independencia. Un complejo teatro de operaciones militares (1808-1812)\u201d. En: Isabel TEST\u00d3N N\u00da\u00d1EZ, Roc\u00edo S\u00c1NCHEZ RUBIO y Carlos S\u00c1NCHEZ RUBIO.: Cartograf\u00eda de un espacio en guerra\u2026, p. 23.\" id=\"return-footnote-61-6\" href=\"#footnote-61-6\" aria-label=\"Footnote 6\"><sup class=\"footnote\">[6]<\/sup><\/a><\/div>\n<\/blockquote>\n<p style=\"text-align: justify;\">Ya desde 1809, cuando el duque de Wellington, comandante de las tropas aliadas luso-brit\u00e1nicas, estableci\u00f3 su cuartel general en Badajoz durante algunos meses, la posesi\u00f3n, control y aseguramiento del territorio extreme\u00f1o se hab\u00eda convertido en un objetivo primordial para el ej\u00e9rcito napole\u00f3nico.<a class=\"footnote\" title=\"Gregorio TORRES GALLEGO: \u201cLa Guerra de la Independencia en Extremadura durante 1811: La Batalla de La Albuera, participaci\u00f3n artillera\u201d. En: VV.AA. II Jornadas Artilleras de Extremadura..., pp. 35- 51.\" id=\"return-footnote-61-7\" href=\"#footnote-61-7\" aria-label=\"Footnote 7\"><sup class=\"footnote\">[7]<\/sup><\/a> Las tropas de Wellington, por su parte, una vez aseguradas sus posiciones en el interior de Portugal, con las famosas <em>l\u00edneas de Torres-Vedras<\/em> defendiendo Lisboa, entraban a combatir en territorio espa\u00f1ol solo cuando las circunstancias les eran propicias. Mientras, el ej\u00e9rcito espa\u00f1ol de la zona, encabezado inicialmente por el marqu\u00e9s de la Romana y, tras su muerte, por el general Casta\u00f1os, trataba de mantener sus posiciones e intentaba hostigar al enemigo.<\/p>\n<p style=\"text-align: justify;\">Por todas estas circunstancias, el peso estrat\u00e9gico de la zona extreme\u00f1a, de la Raya, fue aumentando a lo largo de todo el conflicto. El dominio y control de este territorio se revel\u00f3 fundamental para los tres ej\u00e9rcitos en liza para la resoluci\u00f3n final de la guerra. De ah\u00ed la sucesi\u00f3n de episodios b\u00e9licos que tienen este territorio de frontera como escenario, como los asedios puestos por los diferentes ej\u00e9rcitos en estos a\u00f1os: Olivenza en dos ocasiones, ambas en 1811; Campo Maior en 1811; Ciudad Rodrigo en otras dos oportunidades en 1810 y 1812, y Badajoz hasta en cuatro ocasiones entre 1811 y 1812.<a class=\"footnote\" title=\"Carlos S\u00c1NCHEZ RUBIO: Badajoz, 1811-1812...\" id=\"return-footnote-61-8\" href=\"#footnote-61-8\" aria-label=\"Footnote 8\"><sup class=\"footnote\">[8]<\/sup><\/a><\/p>\n<p style=\"text-align: justify;\">Pero tambi\u00e9n fueron varias las ocasiones en que los ej\u00e9rcitos se enfrentaron directamente en batallas que tuvieron lugar en el espacio fronterizo, incluyendo la actual regi\u00f3n extreme\u00f1a, siendo algunas de las m\u00e1s relevantes las batallas de Talavera (1809), Medell\u00edn (1809), Cantalgallo (1810), Santa Engracia (1811), La Albuera (1811), Arroyomolinos de Mont\u00e1nchez (1811) e incluso la de los Arapiles, en las cercan\u00edas de Salamanca (1812).<a class=\"footnote\" title=\"Para tener una visi\u00f3n general de la Guerra de la Independencia Espa\u00f1ola puede consultarse la obra Jos\u00e9 Gregorio CAYUELA FERN\u00c1NDEZ y Jos\u00e9 \u00c1ngel GALLEGO PALOMARES: La Guerra de la Independencia. Historia b\u00e9lica, pueblo y naci\u00f3n en Espa\u00f1a (1808-1814). Salamanca: Universidad de Salamanca, 2008. Tambi\u00e9n Ricardo GARC\u00cdA C\u00c1RCEL: El sue\u00f1o de la naci\u00f3n indomable. Los mitos de la Guerra de la Independencia. Madrid: Booket, 2008. Por \u00faltimo, Carlos GARC\u00cdA SANTACARA: La Guerra de la Independencia vista por los brit\u00e1nicos 1808-1814. Madrid: Antonio Machado Libros, 2005.\" id=\"return-footnote-61-9\" href=\"#footnote-61-9\" aria-label=\"Footnote 9\"><sup class=\"footnote\">[9]<\/sup><\/a><\/p>\n<hr class=\"before-footnotes clear\" \/><div class=\"footnotes\"><ol><li id=\"footnote-61-1\">Miguel RODR\u00cdGUEZ CANCHO (coord.): <em>La Guerra de la Independencia en Badajoz (1808-1814)<\/em>. Badajoz: Ayuntamiento de Badajoz, 2008, p.11. <a href=\"#return-footnote-61-1\" class=\"return-footnote\" aria-label=\"Return to footnote 1\">&crarr;<\/a><\/li><li id=\"footnote-61-2\">Gregorio TORRES GALLEGO: \u201cLa Guerra de la Independencia en Extremadura durante 1811: La Batalla de La Albuera, participaci\u00f3n artillera\u201d. En: <em>II Jornadas Artilleras de Extremadura<\/em>. Badajoz, Grupo de Artiller\u00eda XI, 2002, p. 35. <a href=\"#return-footnote-61-2\" class=\"return-footnote\" aria-label=\"Return to footnote 2\">&crarr;<\/a><\/li><li id=\"footnote-61-3\">Alessandro BARBERO:<em> La batalla. Historia de Waterloo<\/em>. Madrid: Destino, 2004. <a href=\"#return-footnote-61-3\" class=\"return-footnote\" aria-label=\"Return to footnote 3\">&crarr;<\/a><\/li><li id=\"footnote-61-4\">Mar\u00eda Dolores HERRERO FERN\u00c1NDEZ-QUESADA: \u201cEl ej\u00e9rcito en la Guerra de la Independencia. Badajoz en la frontera\u201d. En: RODR\u00cdGUEZ CANCHO, Miguel (coord.): <em>La Guerra de la Independencia en Badajoz...,<\/em>\u00a0p. 203. <a href=\"#return-footnote-61-4\" class=\"return-footnote\" aria-label=\"Return to footnote 4\">&crarr;<\/a><\/li><li id=\"footnote-61-5\"><em>\u00cdbidem<\/em>, p. 204. <a href=\"#return-footnote-61-5\" class=\"return-footnote\" aria-label=\"Return to footnote 5\">&crarr;<\/a><\/li><li id=\"footnote-61-6\">Miguel MEL\u00d3N JIM\u00c9NEZ: \u201cExtremadura en la Guerra de la Independencia. Un complejo teatro de operaciones militares (1808-1812)\u201d. En: Isabel TEST\u00d3N N\u00da\u00d1EZ, Roc\u00edo S\u00c1NCHEZ RUBIO y Carlos S\u00c1NCHEZ RUBIO.: <em>Cartograf\u00eda de un espacio en guerra\u2026<\/em>, p. 23. <a href=\"#return-footnote-61-6\" class=\"return-footnote\" aria-label=\"Return to footnote 6\">&crarr;<\/a><\/li><li id=\"footnote-61-7\">Gregorio TORRES GALLEGO: \u201cLa Guerra de la Independencia en Extremadura durante 1811: La Batalla de La Albuera, participaci\u00f3n artillera\u201d. En: <em>VV.AA. II Jornadas Artilleras de Extremadura...<\/em>, pp. 35- 51. <a href=\"#return-footnote-61-7\" class=\"return-footnote\" aria-label=\"Return to footnote 7\">&crarr;<\/a><\/li><li id=\"footnote-61-8\">Carlos S\u00c1NCHEZ RUBIO: <em>Badajoz, 1811-1812...<\/em> <a href=\"#return-footnote-61-8\" class=\"return-footnote\" aria-label=\"Return to footnote 8\">&crarr;<\/a><\/li><li id=\"footnote-61-9\">Para tener una visi\u00f3n general de la Guerra de la Independencia Espa\u00f1ola puede consultarse la obra Jos\u00e9 Gregorio CAYUELA FERN\u00c1NDEZ y Jos\u00e9 \u00c1ngel GALLEGO PALOMARES: <em>La Guerra de la Independencia. Historia b\u00e9lica, pueblo y naci\u00f3n en Espa\u00f1a (1808-1814)<\/em>. Salamanca: Universidad de Salamanca, 2008. Tambi\u00e9n Ricardo GARC\u00cdA C\u00c1RCEL: <em>El sue\u00f1o de la naci\u00f3n indomable. Los mitos de la Guerra de la Independencia.<\/em> Madrid: Booket, 2008. Por \u00faltimo, Carlos GARC\u00cdA SANTACARA: <em>La Guerra de la Independencia vista por los brit\u00e1nicos 1808-1814<\/em>. Madrid: Antonio Machado Libros, 2005. <a href=\"#return-footnote-61-9\" class=\"return-footnote\" aria-label=\"Return to footnote 9\">&crarr;<\/a><\/li><\/ol><\/div>","protected":false},"author":1,"menu_order":1,"template":"","meta":{"pb_show_title":"on","pb_short_title":"","pb_subtitle":"","pb_authors":[],"pb_section_license":""},"chapter-type":[49],"contributor":[],"license":[],"part":60,"_links":{"self":[{"href":"https:\/\/publicaciones.4gatos.es\/cartografia-militar\/wp-json\/pressbooks\/v2\/chapters\/61"}],"collection":[{"href":"https:\/\/publicaciones.4gatos.es\/cartografia-militar\/wp-json\/pressbooks\/v2\/chapters"}],"about":[{"href":"https:\/\/publicaciones.4gatos.es\/cartografia-militar\/wp-json\/wp\/v2\/types\/chapter"}],"author":[{"embeddable":true,"href":"https:\/\/publicaciones.4gatos.es\/cartografia-militar\/wp-json\/wp\/v2\/users\/1"}],"version-history":[{"count":1,"href":"https:\/\/publicaciones.4gatos.es\/cartografia-militar\/wp-json\/pressbooks\/v2\/chapters\/61\/revisions"}],"predecessor-version":[{"id":85,"href":"https:\/\/publicaciones.4gatos.es\/cartografia-militar\/wp-json\/pressbooks\/v2\/chapters\/61\/revisions\/85"}],"part":[{"href":"https:\/\/publicaciones.4gatos.es\/cartografia-militar\/wp-json\/pressbooks\/v2\/parts\/60"}],"metadata":[{"href":"https:\/\/publicaciones.4gatos.es\/cartografia-militar\/wp-json\/pressbooks\/v2\/chapters\/61\/metadata\/"}],"wp:attachment":[{"href":"https:\/\/publicaciones.4gatos.es\/cartografia-militar\/wp-json\/wp\/v2\/media?parent=61"}],"wp:term":[{"taxonomy":"chapter-type","embeddable":true,"href":"https:\/\/publicaciones.4gatos.es\/cartografia-militar\/wp-json\/pressbooks\/v2\/chapter-type?post=61"},{"taxonomy":"contributor","embeddable":true,"href":"https:\/\/publicaciones.4gatos.es\/cartografia-militar\/wp-json\/wp\/v2\/contributor?post=61"},{"taxonomy":"license","embeddable":true,"href":"https:\/\/publicaciones.4gatos.es\/cartografia-militar\/wp-json\/wp\/v2\/license?post=61"}],"curies":[{"name":"wp","href":"https:\/\/api.w.org\/{rel}","templated":true}]}}