{"id":73,"date":"2023-03-21T11:13:22","date_gmt":"2023-03-21T11:13:22","guid":{"rendered":"https:\/\/publicaciones.4gatos.es\/cartografia-militar\/chapter\/el-ejercito-espanol\/"},"modified":"2023-03-21T11:13:22","modified_gmt":"2023-03-21T11:13:22","slug":"el-ejercito-espanol","status":"publish","type":"chapter","link":"https:\/\/publicaciones.4gatos.es\/cartografia-militar\/chapter\/el-ejercito-espanol\/","title":{"raw":"14. El ej\u00e9rcito espa\u00f1ol","rendered":"14. El ej\u00e9rcito espa\u00f1ol"},"content":{"raw":"\n<p style=\"text-align: justify;\">A pesar de que era un conflicto que pod\u00eda anticiparse desde unos a\u00f1os antes, el inicio de la Guerra de la Independencia sorprendi\u00f3 al ej\u00e9rcito espa\u00f1ol con la inexistencia de adecuados mapas generales de la Pen\u00ednsula Ib\u00e9rica; dispon\u00eda casi exclusivamente de los mapas realizados la centuria anterior por ge\u00f3grafos como Tom\u00e1s L\u00f3pez, muy bellos est\u00e9ticamente, pero con errores de bulto en la localizaci\u00f3n exacta de poblaciones y accidentes geogr\u00e1ficos. Esta situaci\u00f3n acarre\u00f3 al propio ej\u00e9rcito graves consecuencias:<\/p>\n\n<blockquote>\n<div class=\"textbox shaded\"><em>La necesidad de una cartograf\u00eda militar, exacta y fiable fue una experiencia sufrida de forma amarga por nuestros Mandos militares <\/em>[\u2026]<em>. Los mapas existentes en el momento, provinciales, civiles, y de gran belleza est\u00e9tica, se descubrieron err\u00f3neos y carentes de exactitud, lo que llev\u00f3 a c\u00e1lculos equivocados en los planeamientos de las acciones militares y a fatales consecuencias en el campo de batalla.<\/em>[footnote]VV.AA.: <em>Los mapas: ventanas al tiempo y al espacio\u2026<\/em>, p. 3.[\/footnote]<\/div><\/blockquote>\n<p style=\"text-align: justify;\">Seguidamente se muestra uno de los mapas que tuvo que ser empleado por el mando militar en los primeros compases de la Guerra, realizado por Tom\u00e1s L\u00f3pez en 1766, representando la regi\u00f3n extreme\u00f1a.<a name=\"figura23\"><\/a><\/p>\n\n\n[caption id=\"attachment_145\" align=\"aligncenter\" width=\"550\"]<a href=\"http:\/\/publicaciones.4gatos.es\/cartografia-militar\/wp-content\/uploads\/sites\/16\/2018\/02\/23-Extremadura-Tom\u00e1s-Lopez.jpg\"><img class=\"wp-image-145\" src=\"http:\/\/publicaciones.4gatos.es\/cartografia-militar\/wp-content\/uploads\/sites\/16\/2018\/02\/23-Extremadura-Tom\u00e1s-Lopez-1024x557.jpg#fixme\" alt=\"\" width=\"550\" height=\"299\"><\/a> <em>Mapa de la Provincia de Estremadura<\/em>, de Tom\u00e1s L\u00f3pez, 1766 (Fuente: Centro de Informaci\u00f3n Cartogr\u00e1fica y Territorial de Extremadura (CICTEX), CH034).[\/caption]\n<p style=\"text-align: justify;\">Ante esta situaci\u00f3n, una vez ya desencadenada la guerra en toda la Pen\u00ednsula, y ante la necesidad perentoria de disponer de herramientas cartogr\u00e1ficas de calidad para el alto mando, se cre\u00f3 en 1810 el Cuerpo de Estado Mayor, para dar soporte informativo y log\u00edstico al proceso de toma de decisiones. Su creaci\u00f3n fue una iniciativa del general Joaqu\u00edn Blake, que tom\u00f3 como referencia y modelo el sistema franc\u00e9s napole\u00f3nico \u2013el enemigo, no hay que olvidarlo\u2013, ya comentado anteriormente. Blake, quien \u201c<em>como ning\u00fan otro general de su tiempo hab\u00eda comprendido los fundamentos geogr\u00e1ficos de la pol\u00edtica militar<\/em>\u201d,[footnote]<em>\u00cdbidem<\/em>, p. 5.[\/footnote] estableci\u00f3 la normativa por la que se deb\u00eda regir este nuevo cuerpo, cuya creaci\u00f3n incidi\u00f3 de forma efectiva en el desarrollo de la planificaci\u00f3n militar de las campa\u00f1as, con el consiguiente desarrollo de la producci\u00f3n cartogr\u00e1fica para ofrecer herramientas adecuadas a ese proceso de planificaci\u00f3n y toma de decisiones.<\/p>\n<p style=\"text-align: justify;\">La<em> Real Orden del 9 de julio de 1810<\/em>, aprobada por las Cortes de C\u00e1diz, que regul\u00f3 la creaci\u00f3n de este Cuerpo de Estado Mayor, incluy\u00f3 en su articulado una reglamentaci\u00f3n de las funciones de los integrantes de este nuevo cuerpo; las funciones encomendadas comprend\u00edan, entre otras, dos muy concretas relacionadas con el \u00e1mbito cartogr\u00e1fico: la creaci\u00f3n de mapas y su conservaci\u00f3n.<\/p>\n<p style=\"text-align: justify;\">De esta manera, en primer lugar se ordenaba a los oficiales integrantes de este cuerpo la formaci\u00f3n y la elaboraci\u00f3n de planos, descripciones topogr\u00e1ficas y rutas para que pudieran ser examinados por los responsables de tomar las decisiones militares estrat\u00e9gicas. Por otro lado, se hac\u00eda al nuevo cuerpo de Estado Mayor responsable del archivo y conservaci\u00f3n en condiciones adecuadas de toda esa documentaci\u00f3n cartogr\u00e1fica generada, \u201c<em>teniendo presente clasificar por provincias todo <\/em>[\u2026]<em> para la mayor facilidad de encontrar esos papeles cuando sea preciso enviarlos a un Ej\u00e9rcito o presentarlos al Gobierno.<\/em>\u201d[footnote]Real Orden, de 9 de julio de 1810, comunicando la creaci\u00f3n del Cuerpo de Estado Mayor, p. 11. <a href=\"http:\/\/bdh-rd.bne.es\/viewer.vm?id=0000168908&amp;page=1\">Disponible versi\u00f3n en l\u00ednea en la Biblioteca Digital Hisp\u00e1nica<\/a>.[\/footnote]<\/p>\n\n\n[caption id=\"attachment_215\" align=\"aligncenter\" width=\"550\"]<a href=\"http:\/\/publicaciones.4gatos.es\/cartografia-militar\/wp-content\/uploads\/sites\/16\/2018\/02\/Real_Orden.jpg\"><img class=\"wp-image-71\" src=\"https:\/\/publicaciones.4gatos.es\/cartografia-militar\/wp-content\/uploads\/sites\/4\/2023\/03\/Real_Orden-1024x387.jpg\" alt=\"\" width=\"550\" height=\"208\"><\/a> Apartado 4\u00ba de las funciones encomendadas al Cuerpo de Estado Mayor, en la <em>Real Orden, de 9 de julio de 1810, comunicando la creaci\u00f3n del Cuerpo de Estado Mayor<\/em>. (Fuente: Biblioteca Nacional de Espa\u00f1a, R\/60936).[\/caption]\n<p style=\"text-align: justify;\">As\u00ed mismo, con la finalidad de normalizar la producci\u00f3n cartogr\u00e1fica, se reglament\u00f3 tambi\u00e9n la forma en que los mapas y planos, en sus distintas tipolog\u00edas, deb\u00edan ser presentados. Todos los planos, croquis o memorias topogr\u00e1ficas deb\u00edan aparecer, seg\u00fan la normativa emanada de la Real Orden de 1810, firmados por su autor o copista, con expresi\u00f3n expl\u00edcita de su empleo, cuerpo y fecha; y por \u00faltimo se reglamentaba adem\u00e1s que el encabezado de todos esos documentos cartogr\u00e1ficos deb\u00eda contener el nombre de la provincia o del paraje que representaban.[footnote]VV.AA.: <em>Cartograf\u00eda de la Guerra de la Independencia\u2026<\/em>, p. 18.[\/footnote]<\/p>\n<p style=\"text-align: justify;\">A partir de su fundaci\u00f3n, dos a\u00f1os despu\u00e9s de comenzadas las hostilidades en toda la Pen\u00ednsula Ib\u00e9rica, este reci\u00e9n creado Cuerpo de Estado Mayor fue sustituyendo progresivamente a los ingenieros militares en sus responsabilidades geogr\u00e1ficas y cartogr\u00e1ficas, labor que hab\u00edan venido desarrollando en las anteriores centurias, desde el Renacimiento. El trabajo del Estado Mayor, cuerpo integrado en su mayor\u00eda por oficiales formados en la Academia de Ingenieros \u2013a semejanza de lo que ocurr\u00eda en el resto de ej\u00e9rcitos contendientes\u2013, produjo un incremento considerable de la producci\u00f3n de mapas y planos durante los a\u00f1os de la guerra, garantizando al alto mando del ej\u00e9rcito una informaci\u00f3n geogr\u00e1fica suficiente y fiable. As\u00ed, el n\u00famero de documentos cartogr\u00e1ficos fechados en 1811 duplic\u00f3 a los del a\u00f1o anterior.[footnote]<em>\u00cdbidem<\/em>, p. 20.[\/footnote]<\/p>\n<p style=\"text-align: justify;\">Pero a pesar de todo lo anterior, y debido a las circunstancias imperantes, la cartograf\u00eda elaborada es en muchas ocasiones una cartograf\u00eda de urgencia, apoyada numerosas veces en planos y mapas anteriores, a los que se somet\u00eda a una somera revisi\u00f3n antes de utilizaci\u00f3n. Este proceder era l\u00f3gico ante las necesidades urgentes de informaci\u00f3n del alto mando, que imped\u00edan la elaboraci\u00f3n pausada de una cartograf\u00eda exacta, labor que tuvo que esperar al final de la Guerra para poder ser desarrollada en condiciones aceptables<\/p>\n<p style=\"text-align: justify;\">A continuaci\u00f3n se muestra un ejemplo de utilizaci\u00f3n de planos anteriores para la elaboraci\u00f3n de cartograf\u00eda en la Guerra de Independencia. Se trata de un plano elaborado originalmente en 1775 por el ingeniero Antonio Gaver, copiado sesenta a\u00f1os despu\u00e9s, en 1812, por Ignacio Mitjana. El plano muestra la ciudad de Badajoz y el territorio que la circunda y es muy probable que la copia de Mitjana se realizara por la necesidad perentoria de cartograf\u00eda para la preparaci\u00f3n de la campa\u00f1a de 1812.[footnote]Isabel TEST\u00d3N N\u00da\u00d1EZ, Roc\u00edo S\u00c1NCHEZ RUBIO y Carlos S\u00c1NCHEZ RUBIO.: <em>Cartograf\u00eda de un espacio en guerra\u2026<\/em>, pp. 92-93.[\/footnote]<a name=\"figura24\"><\/a><\/p>\n\n\n[caption id=\"attachment_146\" align=\"aligncenter\" width=\"550\"]<a href=\"http:\/\/publicaciones.4gatos.es\/cartografia-militar\/wp-content\/uploads\/sites\/16\/2018\/02\/24-Gaver-Extremadura-3-b-copia.jpg\"><img class=\"wp-image-146\" src=\"https:\/\/publicaciones.4gatos.es\/cartografia-militar\/wp-content\/uploads\/sites\/4\/2023\/03\/24-Gaver-Extremadura-3-b-copia.jpg\" alt=\"\" width=\"550\" height=\"489\"><\/a> <em>Parte de la provincia de Badajoz<\/em>, por Antonio Gaver y copiado por Ignacio Mitjana, 1812 (Fuente: Centro Geogr\u00e1fico del Ej\u00e9rcito, Extremadura 3b.)[\/caption]\n<p style=\"text-align: justify;\">En la actualidad, casi toda la producci\u00f3n cartogr\u00e1fica resultante del esfuerzo del ej\u00e9rcito espa\u00f1ol durante la Guerra de la Independencia se conserva repartida en dos instituciones militares: el Archivo Cartogr\u00e1fico y de Estudios Geogr\u00e1ficos del Centro Geogr\u00e1fico del Ej\u00e9rcito y, principalmente, en el Instituto de Historia y Cultura Militar, ambos organismos radicados en Madrid.<\/p>\n<p style=\"text-align: justify;\">Como \u00faltimo ejemplo de la cartograf\u00eda militar espa\u00f1ola formada en el transcurso de la Guerra de la Independencia se presenta el plano levantado por Manuel Fond\u00f3s en 1812, con la representaci\u00f3n del territorio al oeste de Extremadura, en la zona de la Sierra de San Pedro y el r\u00edo Tajo. Se puede apreciar c\u00f3mo Fond\u00f3s levanta un plano casi fotogr\u00e1fico del terreno, con todas las v\u00edas de comunicaci\u00f3n entre las diferentes localidades, la topograf\u00eda del territorio e incluso los puentes de barcas para cruzar el r\u00edo Tajo junto a Garrovillas.[footnote]<em>\u00cdbidem<\/em>, pp. 150-151.[\/footnote]<a name=\"figura25\"><\/a><\/p>\n\n\n[caption id=\"attachment_144\" align=\"aligncenter\" width=\"550\"]<a href=\"http:\/\/publicaciones.4gatos.es\/cartografia-militar\/wp-content\/uploads\/sites\/16\/2018\/02\/25-Fond\u00f3s-Extremadura-36.jpg\"><img class=\"wp-image-144\" src=\"http:\/\/publicaciones.4gatos.es\/cartografia-militar\/wp-content\/uploads\/sites\/16\/2018\/02\/25-Fond\u00f3s-Extremadura-36-1024x655.jpg#fixme\" alt=\"\" width=\"550\" height=\"352\"><\/a> <em>Plano geogr\u00e1fico de los pueblos comprehendidos entre los de Alc\u00e1ntara, Garrobillas, C\u00e1ceres, Arroyo del Puerco, Aliseda, Alburquerque, Codosera, Valencia de Alc\u00e1ntara, Herrera y el R\u00edo Tajo,<\/em> por Manuel Fond\u00f3s, 1812 (Fuente: Centro Geogr\u00e1fico del Ej\u00e9rcito, Extremadura 36).[\/caption]\n","rendered":"<p style=\"text-align: justify;\">A pesar de que era un conflicto que pod\u00eda anticiparse desde unos a\u00f1os antes, el inicio de la Guerra de la Independencia sorprendi\u00f3 al ej\u00e9rcito espa\u00f1ol con la inexistencia de adecuados mapas generales de la Pen\u00ednsula Ib\u00e9rica; dispon\u00eda casi exclusivamente de los mapas realizados la centuria anterior por ge\u00f3grafos como Tom\u00e1s L\u00f3pez, muy bellos est\u00e9ticamente, pero con errores de bulto en la localizaci\u00f3n exacta de poblaciones y accidentes geogr\u00e1ficos. Esta situaci\u00f3n acarre\u00f3 al propio ej\u00e9rcito graves consecuencias:<\/p>\n<blockquote>\n<div class=\"textbox shaded\"><em>La necesidad de una cartograf\u00eda militar, exacta y fiable fue una experiencia sufrida de forma amarga por nuestros Mandos militares <\/em>[\u2026]<em>. Los mapas existentes en el momento, provinciales, civiles, y de gran belleza est\u00e9tica, se descubrieron err\u00f3neos y carentes de exactitud, lo que llev\u00f3 a c\u00e1lculos equivocados en los planeamientos de las acciones militares y a fatales consecuencias en el campo de batalla.<\/em><a class=\"footnote\" title=\"VV.AA.: Los mapas: ventanas al tiempo y al espacio\u2026, p. 3.\" id=\"return-footnote-73-1\" href=\"#footnote-73-1\" aria-label=\"Footnote 1\"><sup class=\"footnote\">[1]<\/sup><\/a><\/div>\n<\/blockquote>\n<p style=\"text-align: justify;\">Seguidamente se muestra uno de los mapas que tuvo que ser empleado por el mando militar en los primeros compases de la Guerra, realizado por Tom\u00e1s L\u00f3pez en 1766, representando la regi\u00f3n extreme\u00f1a.<a name=\"figura23\" id=\"figura23\"><\/a><\/p>\n<figure id=\"attachment_145\" aria-describedby=\"caption-attachment-145\" style=\"width: 550px\" class=\"wp-caption aligncenter\"><a href=\"http:\/\/publicaciones.4gatos.es\/cartografia-militar\/wp-content\/uploads\/sites\/16\/2018\/02\/23-Extremadura-Tom\u00e1s-Lopez.jpg\"><img class=\"wp-image-145\" src=\"http:\/\/publicaciones.4gatos.es\/cartografia-militar\/wp-content\/uploads\/sites\/16\/2018\/02\/23-Extremadura-Tom\u00e1s-Lopez-1024x557.jpg#fixme\" alt=\"\" width=\"550\" height=\"299\" \/><\/a><figcaption id=\"caption-attachment-145\" class=\"wp-caption-text\"><em>Mapa de la Provincia de Estremadura<\/em>, de Tom\u00e1s L\u00f3pez, 1766 (Fuente: Centro de Informaci\u00f3n Cartogr\u00e1fica y Territorial de Extremadura (CICTEX), CH034).<\/figcaption><\/figure>\n<p style=\"text-align: justify;\">Ante esta situaci\u00f3n, una vez ya desencadenada la guerra en toda la Pen\u00ednsula, y ante la necesidad perentoria de disponer de herramientas cartogr\u00e1ficas de calidad para el alto mando, se cre\u00f3 en 1810 el Cuerpo de Estado Mayor, para dar soporte informativo y log\u00edstico al proceso de toma de decisiones. Su creaci\u00f3n fue una iniciativa del general Joaqu\u00edn Blake, que tom\u00f3 como referencia y modelo el sistema franc\u00e9s napole\u00f3nico \u2013el enemigo, no hay que olvidarlo\u2013, ya comentado anteriormente. Blake, quien \u201c<em>como ning\u00fan otro general de su tiempo hab\u00eda comprendido los fundamentos geogr\u00e1ficos de la pol\u00edtica militar<\/em>\u201d,<a class=\"footnote\" title=\"\u00cdbidem, p. 5.\" id=\"return-footnote-73-2\" href=\"#footnote-73-2\" aria-label=\"Footnote 2\"><sup class=\"footnote\">[2]<\/sup><\/a> estableci\u00f3 la normativa por la que se deb\u00eda regir este nuevo cuerpo, cuya creaci\u00f3n incidi\u00f3 de forma efectiva en el desarrollo de la planificaci\u00f3n militar de las campa\u00f1as, con el consiguiente desarrollo de la producci\u00f3n cartogr\u00e1fica para ofrecer herramientas adecuadas a ese proceso de planificaci\u00f3n y toma de decisiones.<\/p>\n<p style=\"text-align: justify;\">La<em> Real Orden del 9 de julio de 1810<\/em>, aprobada por las Cortes de C\u00e1diz, que regul\u00f3 la creaci\u00f3n de este Cuerpo de Estado Mayor, incluy\u00f3 en su articulado una reglamentaci\u00f3n de las funciones de los integrantes de este nuevo cuerpo; las funciones encomendadas comprend\u00edan, entre otras, dos muy concretas relacionadas con el \u00e1mbito cartogr\u00e1fico: la creaci\u00f3n de mapas y su conservaci\u00f3n.<\/p>\n<p style=\"text-align: justify;\">De esta manera, en primer lugar se ordenaba a los oficiales integrantes de este cuerpo la formaci\u00f3n y la elaboraci\u00f3n de planos, descripciones topogr\u00e1ficas y rutas para que pudieran ser examinados por los responsables de tomar las decisiones militares estrat\u00e9gicas. Por otro lado, se hac\u00eda al nuevo cuerpo de Estado Mayor responsable del archivo y conservaci\u00f3n en condiciones adecuadas de toda esa documentaci\u00f3n cartogr\u00e1fica generada, \u201c<em>teniendo presente clasificar por provincias todo <\/em>[\u2026]<em> para la mayor facilidad de encontrar esos papeles cuando sea preciso enviarlos a un Ej\u00e9rcito o presentarlos al Gobierno.<\/em>\u201d<a class=\"footnote\" title=\"Real Orden, de 9 de julio de 1810, comunicando la creaci\u00f3n del Cuerpo de Estado Mayor, p. 11. Disponible versi\u00f3n en l\u00ednea en la Biblioteca Digital Hisp\u00e1nica.\" id=\"return-footnote-73-3\" href=\"#footnote-73-3\" aria-label=\"Footnote 3\"><sup class=\"footnote\">[3]<\/sup><\/a><\/p>\n<figure id=\"attachment_215\" aria-describedby=\"caption-attachment-215\" style=\"width: 550px\" class=\"wp-caption aligncenter\"><a href=\"http:\/\/publicaciones.4gatos.es\/cartografia-militar\/wp-content\/uploads\/sites\/16\/2018\/02\/Real_Orden.jpg\"><img class=\"wp-image-71\" src=\"https:\/\/publicaciones.4gatos.es\/cartografia-militar\/wp-content\/uploads\/sites\/4\/2023\/03\/Real_Orden-1024x387.jpg\" alt=\"\" width=\"550\" height=\"208\" srcset=\"https:\/\/publicaciones.4gatos.es\/cartografia-militar\/wp-content\/uploads\/sites\/4\/2023\/03\/Real_Orden-1024x387.jpg 1024w, https:\/\/publicaciones.4gatos.es\/cartografia-militar\/wp-content\/uploads\/sites\/4\/2023\/03\/Real_Orden-300x113.jpg 300w, https:\/\/publicaciones.4gatos.es\/cartografia-militar\/wp-content\/uploads\/sites\/4\/2023\/03\/Real_Orden-768x291.jpg 768w, https:\/\/publicaciones.4gatos.es\/cartografia-militar\/wp-content\/uploads\/sites\/4\/2023\/03\/Real_Orden-65x25.jpg 65w, https:\/\/publicaciones.4gatos.es\/cartografia-militar\/wp-content\/uploads\/sites\/4\/2023\/03\/Real_Orden-225x85.jpg 225w, https:\/\/publicaciones.4gatos.es\/cartografia-militar\/wp-content\/uploads\/sites\/4\/2023\/03\/Real_Orden-350x132.jpg 350w, https:\/\/publicaciones.4gatos.es\/cartografia-militar\/wp-content\/uploads\/sites\/4\/2023\/03\/Real_Orden.jpg 1282w\" \/><\/a><figcaption id=\"caption-attachment-215\" class=\"wp-caption-text\">Apartado 4\u00ba de las funciones encomendadas al Cuerpo de Estado Mayor, en la <em>Real Orden, de 9 de julio de 1810, comunicando la creaci\u00f3n del Cuerpo de Estado Mayor<\/em>. (Fuente: Biblioteca Nacional de Espa\u00f1a, R\/60936).<\/figcaption><\/figure>\n<p style=\"text-align: justify;\">As\u00ed mismo, con la finalidad de normalizar la producci\u00f3n cartogr\u00e1fica, se reglament\u00f3 tambi\u00e9n la forma en que los mapas y planos, en sus distintas tipolog\u00edas, deb\u00edan ser presentados. Todos los planos, croquis o memorias topogr\u00e1ficas deb\u00edan aparecer, seg\u00fan la normativa emanada de la Real Orden de 1810, firmados por su autor o copista, con expresi\u00f3n expl\u00edcita de su empleo, cuerpo y fecha; y por \u00faltimo se reglamentaba adem\u00e1s que el encabezado de todos esos documentos cartogr\u00e1ficos deb\u00eda contener el nombre de la provincia o del paraje que representaban.<a class=\"footnote\" title=\"VV.AA.: Cartograf\u00eda de la Guerra de la Independencia\u2026, p. 18.\" id=\"return-footnote-73-4\" href=\"#footnote-73-4\" aria-label=\"Footnote 4\"><sup class=\"footnote\">[4]<\/sup><\/a><\/p>\n<p style=\"text-align: justify;\">A partir de su fundaci\u00f3n, dos a\u00f1os despu\u00e9s de comenzadas las hostilidades en toda la Pen\u00ednsula Ib\u00e9rica, este reci\u00e9n creado Cuerpo de Estado Mayor fue sustituyendo progresivamente a los ingenieros militares en sus responsabilidades geogr\u00e1ficas y cartogr\u00e1ficas, labor que hab\u00edan venido desarrollando en las anteriores centurias, desde el Renacimiento. El trabajo del Estado Mayor, cuerpo integrado en su mayor\u00eda por oficiales formados en la Academia de Ingenieros \u2013a semejanza de lo que ocurr\u00eda en el resto de ej\u00e9rcitos contendientes\u2013, produjo un incremento considerable de la producci\u00f3n de mapas y planos durante los a\u00f1os de la guerra, garantizando al alto mando del ej\u00e9rcito una informaci\u00f3n geogr\u00e1fica suficiente y fiable. As\u00ed, el n\u00famero de documentos cartogr\u00e1ficos fechados en 1811 duplic\u00f3 a los del a\u00f1o anterior.<a class=\"footnote\" title=\"\u00cdbidem, p. 20.\" id=\"return-footnote-73-5\" href=\"#footnote-73-5\" aria-label=\"Footnote 5\"><sup class=\"footnote\">[5]<\/sup><\/a><\/p>\n<p style=\"text-align: justify;\">Pero a pesar de todo lo anterior, y debido a las circunstancias imperantes, la cartograf\u00eda elaborada es en muchas ocasiones una cartograf\u00eda de urgencia, apoyada numerosas veces en planos y mapas anteriores, a los que se somet\u00eda a una somera revisi\u00f3n antes de utilizaci\u00f3n. Este proceder era l\u00f3gico ante las necesidades urgentes de informaci\u00f3n del alto mando, que imped\u00edan la elaboraci\u00f3n pausada de una cartograf\u00eda exacta, labor que tuvo que esperar al final de la Guerra para poder ser desarrollada en condiciones aceptables<\/p>\n<p style=\"text-align: justify;\">A continuaci\u00f3n se muestra un ejemplo de utilizaci\u00f3n de planos anteriores para la elaboraci\u00f3n de cartograf\u00eda en la Guerra de Independencia. Se trata de un plano elaborado originalmente en 1775 por el ingeniero Antonio Gaver, copiado sesenta a\u00f1os despu\u00e9s, en 1812, por Ignacio Mitjana. El plano muestra la ciudad de Badajoz y el territorio que la circunda y es muy probable que la copia de Mitjana se realizara por la necesidad perentoria de cartograf\u00eda para la preparaci\u00f3n de la campa\u00f1a de 1812.<a class=\"footnote\" title=\"Isabel TEST\u00d3N N\u00da\u00d1EZ, Roc\u00edo S\u00c1NCHEZ RUBIO y Carlos S\u00c1NCHEZ RUBIO.: Cartograf\u00eda de un espacio en guerra\u2026, pp. 92-93.\" id=\"return-footnote-73-6\" href=\"#footnote-73-6\" aria-label=\"Footnote 6\"><sup class=\"footnote\">[6]<\/sup><\/a><a name=\"figura24\" id=\"figura24\"><\/a><\/p>\n<figure id=\"attachment_146\" aria-describedby=\"caption-attachment-146\" style=\"width: 550px\" class=\"wp-caption aligncenter\"><a href=\"http:\/\/publicaciones.4gatos.es\/cartografia-militar\/wp-content\/uploads\/sites\/16\/2018\/02\/24-Gaver-Extremadura-3-b-copia.jpg\"><img class=\"wp-image-146\" src=\"https:\/\/publicaciones.4gatos.es\/cartografia-militar\/wp-content\/uploads\/sites\/4\/2023\/03\/24-Gaver-Extremadura-3-b-copia.jpg\" alt=\"\" width=\"550\" height=\"489\" \/><\/a><figcaption id=\"caption-attachment-146\" class=\"wp-caption-text\"><em>Parte de la provincia de Badajoz<\/em>, por Antonio Gaver y copiado por Ignacio Mitjana, 1812 (Fuente: Centro Geogr\u00e1fico del Ej\u00e9rcito, Extremadura 3b.)<\/figcaption><\/figure>\n<p style=\"text-align: justify;\">En la actualidad, casi toda la producci\u00f3n cartogr\u00e1fica resultante del esfuerzo del ej\u00e9rcito espa\u00f1ol durante la Guerra de la Independencia se conserva repartida en dos instituciones militares: el Archivo Cartogr\u00e1fico y de Estudios Geogr\u00e1ficos del Centro Geogr\u00e1fico del Ej\u00e9rcito y, principalmente, en el Instituto de Historia y Cultura Militar, ambos organismos radicados en Madrid.<\/p>\n<p style=\"text-align: justify;\">Como \u00faltimo ejemplo de la cartograf\u00eda militar espa\u00f1ola formada en el transcurso de la Guerra de la Independencia se presenta el plano levantado por Manuel Fond\u00f3s en 1812, con la representaci\u00f3n del territorio al oeste de Extremadura, en la zona de la Sierra de San Pedro y el r\u00edo Tajo. Se puede apreciar c\u00f3mo Fond\u00f3s levanta un plano casi fotogr\u00e1fico del terreno, con todas las v\u00edas de comunicaci\u00f3n entre las diferentes localidades, la topograf\u00eda del territorio e incluso los puentes de barcas para cruzar el r\u00edo Tajo junto a Garrovillas.<a class=\"footnote\" title=\"\u00cdbidem, pp. 150-151.\" id=\"return-footnote-73-7\" href=\"#footnote-73-7\" aria-label=\"Footnote 7\"><sup class=\"footnote\">[7]<\/sup><\/a><a name=\"figura25\" id=\"figura25\"><\/a><\/p>\n<figure id=\"attachment_144\" aria-describedby=\"caption-attachment-144\" style=\"width: 550px\" class=\"wp-caption aligncenter\"><a href=\"http:\/\/publicaciones.4gatos.es\/cartografia-militar\/wp-content\/uploads\/sites\/16\/2018\/02\/25-Fond\u00f3s-Extremadura-36.jpg\"><img class=\"wp-image-144\" src=\"http:\/\/publicaciones.4gatos.es\/cartografia-militar\/wp-content\/uploads\/sites\/16\/2018\/02\/25-Fond\u00f3s-Extremadura-36-1024x655.jpg#fixme\" alt=\"\" width=\"550\" height=\"352\" \/><\/a><figcaption id=\"caption-attachment-144\" class=\"wp-caption-text\"><em>Plano geogr\u00e1fico de los pueblos comprehendidos entre los de Alc\u00e1ntara, Garrobillas, C\u00e1ceres, Arroyo del Puerco, Aliseda, Alburquerque, Codosera, Valencia de Alc\u00e1ntara, Herrera y el R\u00edo Tajo,<\/em> por Manuel Fond\u00f3s, 1812 (Fuente: Centro Geogr\u00e1fico del Ej\u00e9rcito, Extremadura 36).<\/figcaption><\/figure>\n<hr class=\"before-footnotes clear\" \/><div class=\"footnotes\"><ol><li id=\"footnote-73-1\">VV.AA.: <em>Los mapas: ventanas al tiempo y al espacio\u2026<\/em>, p. 3. <a href=\"#return-footnote-73-1\" class=\"return-footnote\" aria-label=\"Return to footnote 1\">&crarr;<\/a><\/li><li id=\"footnote-73-2\"><em>\u00cdbidem<\/em>, p. 5. <a href=\"#return-footnote-73-2\" class=\"return-footnote\" aria-label=\"Return to footnote 2\">&crarr;<\/a><\/li><li id=\"footnote-73-3\">Real Orden, de 9 de julio de 1810, comunicando la creaci\u00f3n del Cuerpo de Estado Mayor, p. 11. <a href=\"http:\/\/bdh-rd.bne.es\/viewer.vm?id=0000168908&amp;page=1\">Disponible versi\u00f3n en l\u00ednea en la Biblioteca Digital Hisp\u00e1nica<\/a>. <a href=\"#return-footnote-73-3\" class=\"return-footnote\" aria-label=\"Return to footnote 3\">&crarr;<\/a><\/li><li id=\"footnote-73-4\">VV.AA.: <em>Cartograf\u00eda de la Guerra de la Independencia\u2026<\/em>, p. 18. <a href=\"#return-footnote-73-4\" class=\"return-footnote\" aria-label=\"Return to footnote 4\">&crarr;<\/a><\/li><li id=\"footnote-73-5\"><em>\u00cdbidem<\/em>, p. 20. <a href=\"#return-footnote-73-5\" class=\"return-footnote\" aria-label=\"Return to footnote 5\">&crarr;<\/a><\/li><li id=\"footnote-73-6\">Isabel TEST\u00d3N N\u00da\u00d1EZ, Roc\u00edo S\u00c1NCHEZ RUBIO y Carlos S\u00c1NCHEZ RUBIO.: <em>Cartograf\u00eda de un espacio en guerra\u2026<\/em>, pp. 92-93. <a href=\"#return-footnote-73-6\" class=\"return-footnote\" aria-label=\"Return to footnote 6\">&crarr;<\/a><\/li><li id=\"footnote-73-7\"><em>\u00cdbidem<\/em>, pp. 150-151. <a href=\"#return-footnote-73-7\" class=\"return-footnote\" aria-label=\"Return to footnote 7\">&crarr;<\/a><\/li><\/ol><\/div>","protected":false},"author":1,"menu_order":5,"template":"","meta":{"pb_show_title":"on","pb_short_title":"","pb_subtitle":"","pb_authors":[],"pb_section_license":""},"chapter-type":[49],"contributor":[],"license":[],"part":60,"_links":{"self":[{"href":"https:\/\/publicaciones.4gatos.es\/cartografia-militar\/wp-json\/pressbooks\/v2\/chapters\/73"}],"collection":[{"href":"https:\/\/publicaciones.4gatos.es\/cartografia-militar\/wp-json\/pressbooks\/v2\/chapters"}],"about":[{"href":"https:\/\/publicaciones.4gatos.es\/cartografia-militar\/wp-json\/wp\/v2\/types\/chapter"}],"author":[{"embeddable":true,"href":"https:\/\/publicaciones.4gatos.es\/cartografia-militar\/wp-json\/wp\/v2\/users\/1"}],"version-history":[{"count":0,"href":"https:\/\/publicaciones.4gatos.es\/cartografia-militar\/wp-json\/pressbooks\/v2\/chapters\/73\/revisions"}],"part":[{"href":"https:\/\/publicaciones.4gatos.es\/cartografia-militar\/wp-json\/pressbooks\/v2\/parts\/60"}],"metadata":[{"href":"https:\/\/publicaciones.4gatos.es\/cartografia-militar\/wp-json\/pressbooks\/v2\/chapters\/73\/metadata\/"}],"wp:attachment":[{"href":"https:\/\/publicaciones.4gatos.es\/cartografia-militar\/wp-json\/wp\/v2\/media?parent=73"}],"wp:term":[{"taxonomy":"chapter-type","embeddable":true,"href":"https:\/\/publicaciones.4gatos.es\/cartografia-militar\/wp-json\/pressbooks\/v2\/chapter-type?post=73"},{"taxonomy":"contributor","embeddable":true,"href":"https:\/\/publicaciones.4gatos.es\/cartografia-militar\/wp-json\/wp\/v2\/contributor?post=73"},{"taxonomy":"license","embeddable":true,"href":"https:\/\/publicaciones.4gatos.es\/cartografia-militar\/wp-json\/wp\/v2\/license?post=73"}],"curies":[{"name":"wp","href":"https:\/\/api.w.org\/{rel}","templated":true}]}}