{"id":42,"date":"2025-02-12T16:30:46","date_gmt":"2025-02-12T16:30:46","guid":{"rendered":"https:\/\/publicaciones.4gatos.es\/historiabadajoz\/?post_type=chapter&#038;p=42"},"modified":"2025-02-12T16:31:45","modified_gmt":"2025-02-12T16:31:45","slug":"la-guerra-de-sucesion-espanola","status":"publish","type":"chapter","link":"https:\/\/publicaciones.4gatos.es\/historiabadajoz\/chapter\/la-guerra-de-sucesion-espanola\/","title":{"raw":"La guerra de Sucesi\u00f3n Espa\u00f1ola","rendered":"La guerra de Sucesi\u00f3n Espa\u00f1ola"},"content":{"raw":"<h5 style=\"text-align: justify;\">Una nueva guerra asola Badajoz<\/h5>\r\n<p style=\"text-align: justify;\">Tan solo hab\u00edan pasado unos cuarenta a\u00f1os desde el \u00faltimo asedio portugu\u00e9s de la ciudad, en 1658, que la hab\u00eda dejado muy da\u00f1ada, y una nueva guerra estallaba. En este conflicto se \u201cestrenar\u00eda\u201d la nueva fortificaci\u00f3n abaluartada de la ciudad. Una guerra que tambi\u00e9n tendr\u00eda a Badajoz como escenario destacado, y que arruinar\u00eda a\u00fan m\u00e1s, si cabe, a la ciudad.<\/p>\r\n\r\n<h5 style=\"text-align: justify;\">Causas de la Guerra de Sucesi\u00f3n espa\u00f1ola<\/h5>\r\n<p style=\"text-align: justify;\">Tras la muerte en 1700 sin descendencia del \u00faltimo rey Austria, Carlos II, se desata una lucha entre pretendientes al trono en la que interviene toda Europa. Tanto el rey Luis XIV de Francia, de la Casa de Borb\u00f3n, como el emperador Leopoldo I del Sacro Imperio Romano Germ\u00e1nico, de la Casa de Habsburgo alegaban derechos a la sucesi\u00f3n espa\u00f1ola, debido a que ambos estaban casados con infantas espa\u00f1olas hijas de Felipe IV y asimismo, las madres de ambos eran hijas de Felipe III.<\/p>\r\n<p style=\"text-align: justify;\">Una tercera v\u00eda, la del pr\u00edncipe Jos\u00e9 Fernando de Baviera fracas\u00f3 por su prematura muerte. Era bisnieto del rey Felipe IV de Espa\u00f1a y de su segunda mujer, la reina do\u00f1a Mariana de Austria, y sobrino nieto del rey Carlos II de Espa\u00f1a.<\/p>\r\n<p style=\"text-align: justify;\">Finalmente, poco antes de su muerte, se Carlos II declar\u00f3 como heredero a Felipe de Anjou, nieto de Luis XIV, que contaba con el apoyo de Francia. El otro aspirante era el Archiduque Carlos de Austria, apoyado por Inglaterra, Austria, Holanda y Portugal. En realidad no se trataba tanto de la corona espa\u00f1ola, como de conseguir la supremac\u00eda pol\u00edtica europea. Portugal obtuvo del Archiduque Carlos la promesa de incorporar las plazas de Alc\u00e1ntara, Alburquerque y Badajoz en caso de conseguir la corona espa\u00f1ola.<\/p>\r\n<p style=\"text-align: justify;\">Fue esta una guerra que tuvo un car\u00e1cter m\u00e1s general, pues se desarroll\u00f3 por toda Europa, aunque Extremadura y Badajoz, por su posici\u00f3n estrat\u00e9gica, jug\u00f3 de nuevo un papel primordial en las acciones militares.<\/p>\r\n\r\n<h5 style=\"text-align: justify;\">Defensa de la ciudad<\/h5>\r\n<p style=\"text-align: justify;\">Tras una primera ofensiva de Felipe V sobre Portugal, hubo un contraataque del ej\u00e9rcito del archiduque Carlos que cogi\u00f3 a la ciudad con las defensas en precario estado y con una escasa guarnici\u00f3n, compuesta principalmente por miembros de las Milicias Urbanas. Las milicias urbanas eran unos cuerpos armados de defensa, mantenidos por la propia ciudad, y que hab\u00edan tenido una importante intervenci\u00f3n ya en la guerra anterior. A\u00fan as\u00ed, la ciudad ya contaba con un cintur\u00f3n amurallado a la moderna, incluso con proyectos para hacerla a\u00fan m\u00e1s fuerte. Y a su guarnici\u00f3n se incorporaron militares franceses, como los ingenieros Villars Lugein o Rerie<\/p>\r\n\r\n<h5 style=\"text-align: justify;\">El asedio de 1705<\/h5>\r\n<p style=\"text-align: justify;\">En el oto\u00f1o de 1705 comienza un nuevo asedio a la ciudad por parte de las tropas angloportuguesas, comandadas por el Marques de las Minas y el brit\u00e1nico Galloway, que contaban con cerca de 30.000 hombres, mientras que la guarnici\u00f3n de Badajoz, bajo el mando del Marqu\u00e9s de Bay y el franc\u00e9s Villars Lugein, estaba formada por unos 5.000 hombres.<\/p>\r\n<p style=\"text-align: justify;\">El ataque tuvo lugar por el este de la ciudad, la zona m\u00e1s desguarnecida por su escasa altura, que fue bombardeada para romper el lienzo de muralla. Pero al comprobar que la poblaci\u00f3n civil ayudaba en las tareas de reparaci\u00f3n de la muralla, se decidi\u00f3 bombardear el interior de la ciudad, quedando la ciudad por este sector complemente arrasada.<\/p>\r\n<p style=\"text-align: justify;\">La llegada de un ej\u00e9rcito de socorro, justo cuando ya se hab\u00eda conseguido abrir una brecha en el baluarte de San Pedro, oblig\u00f3 al Marqu\u00e9s de las Minas a desistir del asalto y ordenar una retirada ordenada hacia Elvas. El asedio hab\u00eda durado 16 d\u00edas, durante los cuales no hab\u00edan cesado de caer sobre la ciudad innumerables proyectiles de artiller\u00eda y bombas.<\/p>\r\n<p style=\"text-align: justify;\">La ciudad solicit\u00f3 a Felipe V la exenci\u00f3n de todos los impuestos durante 40 a\u00f1os, por los da\u00f1os sufridos, para as\u00ed ayudar a la reconstrucci\u00f3n de la ciudad. La respuesta fue la exenci\u00f3n de unos pocos impuestos por un per\u00edodo limitado de tiempo.<\/p>\r\n<p style=\"text-align: justify;\">Al a\u00f1o siguiente del intento fallido de asalto a Badajoz, las tropas del Archiduque lograron tomar C\u00e1ceres, Alc\u00e1ntara y Plasencia, por lo que Badajoz qued\u00f3 como \u00fanica plaza fronteriza leal a Felipe de Anjou. Esta campa\u00f1a culmin\u00f3 incluso con la entrada en Madrid de las tropas anglo-portuguesas, que proclamaron como rey a Carlos de Austria.<\/p>\r\n\r\n<h5 style=\"text-align: justify;\">Acciones de rapi\u00f1a<\/h5>\r\n<p style=\"text-align: justify;\">Durante la contienda, cuando no hab\u00eda movimientos militares en los alrededores, partidas de soldados y vecinos armados de la ciudad se adentraban en territorio portugu\u00e9s para realizar acciones de saqueo y rapi\u00f1a. Esta tarea era confiada casi siempre a los vecinos de la ciudad, debido al perfecto conocimiento que ten\u00edan del terreno. De igual modo, los portugueses organizaban partidas con el mismo fin en territorio espa\u00f1ol.<\/p>\r\n\r\n<h5 style=\"text-align: justify;\">La Batalla de la Gudi\u00f1a<\/h5>\r\n<p style=\"text-align: justify;\">En 1709 se produjo una nueva ofensiva de los partidarios del Archiduque Carlos sobre Badajoz, con el fin de sitiarla y tomarla al asalto. Sin embargo, en esta ocasi\u00f3n, el Marqu\u00e9s de Bay present\u00f3 batalla en los campos de la Gudi\u00f1a, al noroeste de la ciudad, entre los r\u00edos G\u00e9vora y Caya. El resultado favorable a los badajocenses de esta acci\u00f3n impidi\u00f3 cualquier ataque directo sobre la plaza, que en lo sucesivo no sufrir\u00eda m\u00e1s ataques hasta el final de la guerra.<\/p>\r\n<p style=\"text-align: justify;\">A partir de la Batalla de la Gudi\u00f1a, las acciones mutuas de saqueo fueron disminuyendo de intensidad. Adem\u00e1s, las victorias de Felipe de Anjou en Brihuegas y Villaviciosa contribuyeron a afianzarle como Rey de Espa\u00f1a. El 17 de abril de 1711 muri\u00f3 el emperador Jos\u00e9 I de Habsburgo, siendo su sucesor su hermano el archiduque Carlos, lo que dio un vuelvo de nuevo a las expectativas de todos los participantes. Finalmente, en 1715 se firm\u00f3 el Tratado de Utrech, por el que se pon\u00eda fin a la guerra, que de nuevo dejaba a la ciudad arrasada y arruinada.<\/p>\r\n<p style=\"text-align: justify;\"><span style=\"text-decoration: underline;\">Tratado de Utrecht<\/span>. Por el Tratado de Utrecht entre la Monarqu\u00eda de Gran Breta\u00f1a y otros estados aliados y la Monarqu\u00eda de Francia, se llev\u00f3 a cabo la tan temida partici\u00f3n de los estados de la Monarqu\u00eda Hisp\u00e1nica que Carlos II y sus consejeros hab\u00edan querido evitar. Los Pa\u00edses Bajos cat\u00f3licos (correspondientes aproximadamente a las actuales B\u00e9lgica y Luxemburgo), el reino de N\u00e1poles, Cerde\u00f1a y el ducado de Mil\u00e1n quedaron en manos del ahora ya emperador Carlos VI del Sacro Imperio Romano Germ\u00e1nico, mientras que el reino de Sicilia pas\u00f3 al duque de Saboya (aunque en 1718 lo intercambiar\u00eda con Carlos VI por la isla de Cerde\u00f1a). El 10 julio se firm\u00f3 un segundo Tratado de Utrecht entre las Monarqu\u00edas de Gran Breta\u00f1a y de Espa\u00f1a seg\u00fan el cual Menorca y Gibraltar pasaban a la Corona brit\u00e1nica.<\/p>","rendered":"<h5 style=\"text-align: justify;\">Una nueva guerra asola Badajoz<\/h5>\n<p style=\"text-align: justify;\">Tan solo hab\u00edan pasado unos cuarenta a\u00f1os desde el \u00faltimo asedio portugu\u00e9s de la ciudad, en 1658, que la hab\u00eda dejado muy da\u00f1ada, y una nueva guerra estallaba. En este conflicto se \u201cestrenar\u00eda\u201d la nueva fortificaci\u00f3n abaluartada de la ciudad. Una guerra que tambi\u00e9n tendr\u00eda a Badajoz como escenario destacado, y que arruinar\u00eda a\u00fan m\u00e1s, si cabe, a la ciudad.<\/p>\n<h5 style=\"text-align: justify;\">Causas de la Guerra de Sucesi\u00f3n espa\u00f1ola<\/h5>\n<p style=\"text-align: justify;\">Tras la muerte en 1700 sin descendencia del \u00faltimo rey Austria, Carlos II, se desata una lucha entre pretendientes al trono en la que interviene toda Europa. Tanto el rey Luis XIV de Francia, de la Casa de Borb\u00f3n, como el emperador Leopoldo I del Sacro Imperio Romano Germ\u00e1nico, de la Casa de Habsburgo alegaban derechos a la sucesi\u00f3n espa\u00f1ola, debido a que ambos estaban casados con infantas espa\u00f1olas hijas de Felipe IV y asimismo, las madres de ambos eran hijas de Felipe III.<\/p>\n<p style=\"text-align: justify;\">Una tercera v\u00eda, la del pr\u00edncipe Jos\u00e9 Fernando de Baviera fracas\u00f3 por su prematura muerte. Era bisnieto del rey Felipe IV de Espa\u00f1a y de su segunda mujer, la reina do\u00f1a Mariana de Austria, y sobrino nieto del rey Carlos II de Espa\u00f1a.<\/p>\n<p style=\"text-align: justify;\">Finalmente, poco antes de su muerte, se Carlos II declar\u00f3 como heredero a Felipe de Anjou, nieto de Luis XIV, que contaba con el apoyo de Francia. El otro aspirante era el Archiduque Carlos de Austria, apoyado por Inglaterra, Austria, Holanda y Portugal. En realidad no se trataba tanto de la corona espa\u00f1ola, como de conseguir la supremac\u00eda pol\u00edtica europea. Portugal obtuvo del Archiduque Carlos la promesa de incorporar las plazas de Alc\u00e1ntara, Alburquerque y Badajoz en caso de conseguir la corona espa\u00f1ola.<\/p>\n<p style=\"text-align: justify;\">Fue esta una guerra que tuvo un car\u00e1cter m\u00e1s general, pues se desarroll\u00f3 por toda Europa, aunque Extremadura y Badajoz, por su posici\u00f3n estrat\u00e9gica, jug\u00f3 de nuevo un papel primordial en las acciones militares.<\/p>\n<h5 style=\"text-align: justify;\">Defensa de la ciudad<\/h5>\n<p style=\"text-align: justify;\">Tras una primera ofensiva de Felipe V sobre Portugal, hubo un contraataque del ej\u00e9rcito del archiduque Carlos que cogi\u00f3 a la ciudad con las defensas en precario estado y con una escasa guarnici\u00f3n, compuesta principalmente por miembros de las Milicias Urbanas. Las milicias urbanas eran unos cuerpos armados de defensa, mantenidos por la propia ciudad, y que hab\u00edan tenido una importante intervenci\u00f3n ya en la guerra anterior. A\u00fan as\u00ed, la ciudad ya contaba con un cintur\u00f3n amurallado a la moderna, incluso con proyectos para hacerla a\u00fan m\u00e1s fuerte. Y a su guarnici\u00f3n se incorporaron militares franceses, como los ingenieros Villars Lugein o Rerie<\/p>\n<h5 style=\"text-align: justify;\">El asedio de 1705<\/h5>\n<p style=\"text-align: justify;\">En el oto\u00f1o de 1705 comienza un nuevo asedio a la ciudad por parte de las tropas angloportuguesas, comandadas por el Marques de las Minas y el brit\u00e1nico Galloway, que contaban con cerca de 30.000 hombres, mientras que la guarnici\u00f3n de Badajoz, bajo el mando del Marqu\u00e9s de Bay y el franc\u00e9s Villars Lugein, estaba formada por unos 5.000 hombres.<\/p>\n<p style=\"text-align: justify;\">El ataque tuvo lugar por el este de la ciudad, la zona m\u00e1s desguarnecida por su escasa altura, que fue bombardeada para romper el lienzo de muralla. Pero al comprobar que la poblaci\u00f3n civil ayudaba en las tareas de reparaci\u00f3n de la muralla, se decidi\u00f3 bombardear el interior de la ciudad, quedando la ciudad por este sector complemente arrasada.<\/p>\n<p style=\"text-align: justify;\">La llegada de un ej\u00e9rcito de socorro, justo cuando ya se hab\u00eda conseguido abrir una brecha en el baluarte de San Pedro, oblig\u00f3 al Marqu\u00e9s de las Minas a desistir del asalto y ordenar una retirada ordenada hacia Elvas. El asedio hab\u00eda durado 16 d\u00edas, durante los cuales no hab\u00edan cesado de caer sobre la ciudad innumerables proyectiles de artiller\u00eda y bombas.<\/p>\n<p style=\"text-align: justify;\">La ciudad solicit\u00f3 a Felipe V la exenci\u00f3n de todos los impuestos durante 40 a\u00f1os, por los da\u00f1os sufridos, para as\u00ed ayudar a la reconstrucci\u00f3n de la ciudad. La respuesta fue la exenci\u00f3n de unos pocos impuestos por un per\u00edodo limitado de tiempo.<\/p>\n<p style=\"text-align: justify;\">Al a\u00f1o siguiente del intento fallido de asalto a Badajoz, las tropas del Archiduque lograron tomar C\u00e1ceres, Alc\u00e1ntara y Plasencia, por lo que Badajoz qued\u00f3 como \u00fanica plaza fronteriza leal a Felipe de Anjou. Esta campa\u00f1a culmin\u00f3 incluso con la entrada en Madrid de las tropas anglo-portuguesas, que proclamaron como rey a Carlos de Austria.<\/p>\n<h5 style=\"text-align: justify;\">Acciones de rapi\u00f1a<\/h5>\n<p style=\"text-align: justify;\">Durante la contienda, cuando no hab\u00eda movimientos militares en los alrededores, partidas de soldados y vecinos armados de la ciudad se adentraban en territorio portugu\u00e9s para realizar acciones de saqueo y rapi\u00f1a. Esta tarea era confiada casi siempre a los vecinos de la ciudad, debido al perfecto conocimiento que ten\u00edan del terreno. De igual modo, los portugueses organizaban partidas con el mismo fin en territorio espa\u00f1ol.<\/p>\n<h5 style=\"text-align: justify;\">La Batalla de la Gudi\u00f1a<\/h5>\n<p style=\"text-align: justify;\">En 1709 se produjo una nueva ofensiva de los partidarios del Archiduque Carlos sobre Badajoz, con el fin de sitiarla y tomarla al asalto. Sin embargo, en esta ocasi\u00f3n, el Marqu\u00e9s de Bay present\u00f3 batalla en los campos de la Gudi\u00f1a, al noroeste de la ciudad, entre los r\u00edos G\u00e9vora y Caya. El resultado favorable a los badajocenses de esta acci\u00f3n impidi\u00f3 cualquier ataque directo sobre la plaza, que en lo sucesivo no sufrir\u00eda m\u00e1s ataques hasta el final de la guerra.<\/p>\n<p style=\"text-align: justify;\">A partir de la Batalla de la Gudi\u00f1a, las acciones mutuas de saqueo fueron disminuyendo de intensidad. Adem\u00e1s, las victorias de Felipe de Anjou en Brihuegas y Villaviciosa contribuyeron a afianzarle como Rey de Espa\u00f1a. El 17 de abril de 1711 muri\u00f3 el emperador Jos\u00e9 I de Habsburgo, siendo su sucesor su hermano el archiduque Carlos, lo que dio un vuelvo de nuevo a las expectativas de todos los participantes. Finalmente, en 1715 se firm\u00f3 el Tratado de Utrech, por el que se pon\u00eda fin a la guerra, que de nuevo dejaba a la ciudad arrasada y arruinada.<\/p>\n<p style=\"text-align: justify;\"><span style=\"text-decoration: underline;\">Tratado de Utrecht<\/span>. Por el Tratado de Utrecht entre la Monarqu\u00eda de Gran Breta\u00f1a y otros estados aliados y la Monarqu\u00eda de Francia, se llev\u00f3 a cabo la tan temida partici\u00f3n de los estados de la Monarqu\u00eda Hisp\u00e1nica que Carlos II y sus consejeros hab\u00edan querido evitar. Los Pa\u00edses Bajos cat\u00f3licos (correspondientes aproximadamente a las actuales B\u00e9lgica y Luxemburgo), el reino de N\u00e1poles, Cerde\u00f1a y el ducado de Mil\u00e1n quedaron en manos del ahora ya emperador Carlos VI del Sacro Imperio Romano Germ\u00e1nico, mientras que el reino de Sicilia pas\u00f3 al duque de Saboya (aunque en 1718 lo intercambiar\u00eda con Carlos VI por la isla de Cerde\u00f1a). El 10 julio se firm\u00f3 un segundo Tratado de Utrecht entre las Monarqu\u00edas de Gran Breta\u00f1a y de Espa\u00f1a seg\u00fan el cual Menorca y Gibraltar pasaban a la Corona brit\u00e1nica.<\/p>\n","protected":false},"author":1,"menu_order":8,"template":"","meta":{"pb_show_title":"on","pb_short_title":"","pb_subtitle":"","pb_authors":[],"pb_section_license":""},"chapter-type":[],"contributor":[],"license":[],"part":3,"_links":{"self":[{"href":"https:\/\/publicaciones.4gatos.es\/historiabadajoz\/wp-json\/pressbooks\/v2\/chapters\/42"}],"collection":[{"href":"https:\/\/publicaciones.4gatos.es\/historiabadajoz\/wp-json\/pressbooks\/v2\/chapters"}],"about":[{"href":"https:\/\/publicaciones.4gatos.es\/historiabadajoz\/wp-json\/wp\/v2\/types\/chapter"}],"author":[{"embeddable":true,"href":"https:\/\/publicaciones.4gatos.es\/historiabadajoz\/wp-json\/wp\/v2\/users\/1"}],"version-history":[{"count":3,"href":"https:\/\/publicaciones.4gatos.es\/historiabadajoz\/wp-json\/pressbooks\/v2\/chapters\/42\/revisions"}],"predecessor-version":[{"id":45,"href":"https:\/\/publicaciones.4gatos.es\/historiabadajoz\/wp-json\/pressbooks\/v2\/chapters\/42\/revisions\/45"}],"part":[{"href":"https:\/\/publicaciones.4gatos.es\/historiabadajoz\/wp-json\/pressbooks\/v2\/parts\/3"}],"metadata":[{"href":"https:\/\/publicaciones.4gatos.es\/historiabadajoz\/wp-json\/pressbooks\/v2\/chapters\/42\/metadata\/"}],"wp:attachment":[{"href":"https:\/\/publicaciones.4gatos.es\/historiabadajoz\/wp-json\/wp\/v2\/media?parent=42"}],"wp:term":[{"taxonomy":"chapter-type","embeddable":true,"href":"https:\/\/publicaciones.4gatos.es\/historiabadajoz\/wp-json\/pressbooks\/v2\/chapter-type?post=42"},{"taxonomy":"contributor","embeddable":true,"href":"https:\/\/publicaciones.4gatos.es\/historiabadajoz\/wp-json\/wp\/v2\/contributor?post=42"},{"taxonomy":"license","embeddable":true,"href":"https:\/\/publicaciones.4gatos.es\/historiabadajoz\/wp-json\/wp\/v2\/license?post=42"}],"curies":[{"name":"wp","href":"https:\/\/api.w.org\/{rel}","templated":true}]}}