{"id":59,"date":"2025-02-12T17:24:13","date_gmt":"2025-02-12T17:24:13","guid":{"rendered":"https:\/\/publicaciones.4gatos.es\/historiabadajoz\/?post_type=chapter&#038;p=59"},"modified":"2025-02-12T17:24:44","modified_gmt":"2025-02-12T17:24:44","slug":"franquismo-y-desarrollismo","status":"publish","type":"chapter","link":"https:\/\/publicaciones.4gatos.es\/historiabadajoz\/chapter\/franquismo-y-desarrollismo\/","title":{"raw":"Franquismo y desarrollismo","rendered":"Franquismo y desarrollismo"},"content":{"raw":"<h4 style=\"text-align: justify;\">Posguerra y Desarrollismo.<\/h4>\r\n<p style=\"text-align: justify;\">La situaci\u00f3n en la ciudad no vari\u00f3 mucho de la vivida en el resto de poblaciones del pa\u00eds. A una dura posguerra, con escasez de alimentos y numerosas represiones pol\u00edticas, que dura aproximadamente hasta 1957, sigui\u00f3 una etapa, denominada Desarrollismo, en la que se produjo un espectacular crecimiento econ\u00f3mico.<\/p>\r\n<p style=\"text-align: justify;\">La ciudad, a\u00fan no repuesta de las heridas de la guerra, continu\u00f3 su expansi\u00f3n extramuros, con la aparici\u00f3n de diferentes barrios como Pardaleras o Santa Marina y la consolidaci\u00f3n de los ya existentes de San Roque y San Fernando. Hasta 1975 la ciudad fue expandi\u00e9ndose de forma cada vez m\u00e1s acelerada.<\/p>\r\n\r\n<h5 style=\"text-align: justify;\">Destrucci\u00f3n de las murallas<\/h5>\r\n<p style=\"text-align: justify;\">Tomando como pretexto la necesidad de expansi\u00f3n y de nuevos terrenos para la ciudad se siguieron produciendo nuevos derribos en las murallas, entre los que cabe mencionar principalmente el tramo que discurr\u00eda entre la Puerta de Palmas y la ermita de Pajaritos y, sobre todo, el del baluarte de San Juan, el \u00fanico completamente desaparecido. Esta destrucci\u00f3n fue especialmente traum\u00e1tica porque ya hubo numerosas voces que se elevaron en contra de esta medida, e incluso decretos que exig\u00edan la paralizaci\u00f3n de las obras, pero el ayuntamiento sigui\u00f3 con los derribos haciendo caso omiso. Qued\u00f3 de esta forma mutilado gran parte del recinto amurallado de la ciudad, perdi\u00e9ndose todas las explanadas, caminos cubiertos, plazas de armas, fosos y revellines que lo compon\u00edan (tan s\u00f3lo se han conservado algunos restos dispersos de estos elementos)<\/p>\r\n\r\n<h5 style=\"text-align: justify;\">Nuevas infraestructuras<\/h5>\r\n<p style=\"text-align: justify;\">Aparecen en estos a\u00f1os, como consecuencia del desarrollo acelerado de la ciudad, nuevas infraestructuras para mejorar la vida cotidiana, entre los que pueden destacarse el nuevo puente de la Universidad, nuevos colegios, el servicio de autobuses urbanos, etc. Pero sobre todas, podemos resaltar c\u00f3mo tras m\u00faltiples intentos en este sentido, por fin, en 1973, se aprob\u00f3 la creaci\u00f3n de la tan ansiada Universidad de Extremadura, dividida inicialmente en dos campus, uno de los cuales se situ\u00f3 en Badajoz. Llegan as\u00ed a la ciudad numerosos estudiantes, muchos de los cuales permanecer\u00e1n aqu\u00ed tras sus estudios, confiriendo a la ciudad un nuevo car\u00e1cter.<\/p>\r\n<p style=\"text-align: justify;\">Revoluci\u00f3n \u201cde los claveles\u201d. Tambi\u00e9n tuvo una enorme influencia en la ciudad y en su futuro inmediato el alzamiento militar que termin\u00f3 con la dictadura portuguesa en 1974, cuando el r\u00e9gimen del General Franco ya agonizaba. La Revoluci\u00f3n de los Claveles, como fue conocida, fue seguida desde la ciudad con una mezcla de curiosidad y esperanza.<\/p>\r\n\r\n<h4 style=\"text-align: justify;\">Transici\u00f3n y democracia (1975-2000). El futuro<\/h4>\r\n<p style=\"text-align: justify;\">En 1975 termina la dictadura del General Franco, abri\u00e9ndose una etapa de libertad y democracia que crear\u00eda un nuevo marco institucional en la regi\u00f3n, y por extensi\u00f3n, en la ciudad. En estos a\u00f1os, Badajoz experimentar\u00eda un crecimiento nunca visto en todos los campos: poblaci\u00f3n, comercio, industria, etc. <span style=\"font-size: 1em;\">La ciudad empieza el siglo XXI sin la frontera con Portugal y con un amplio abanico de posibilidades y esperanzas de progreso y desarrollo.<\/span><\/p>\r\n\r\n<h5 style=\"text-align: justify;\">La Transici\u00f3n (1975-1983)<\/h5>\r\n<p style=\"text-align: justify;\">Tras la muerte del General Franco a finales de 1975, asumi\u00f3 la Jefatura del Estado el rey Juan Carlos I, quien emprendi\u00f3 una reforma del Estado para abrirlo hacia la democracia. Esta reforma fue sometida a refer\u00e9ndum en toda la naci\u00f3n, consiguiendo el apoyo mayoritario de la poblaci\u00f3n, incluida la ciudad de Badajoz, donde sus gentes votaron mayoritariamente a favor del cambio.<\/p>\r\n<p style=\"text-align: justify;\">En 1977 se celebraron las primeras elecciones a Cortes Constituyentes, en las que la ciudad particip\u00f3 de forma mayoritaria. Un a\u00f1o despu\u00e9s se crea la Junta Preauton\u00f3mica de Extremadura, embri\u00f3n de un futuro gobierno regional, y que inicialmente situ\u00f3 su sede en Badajoz, en el antiguo Seminario de San At\u00f3n, hoy desaparecido. A finales de ese a\u00f1o, qued\u00f3 aprobada la nueva Constituci\u00f3n espa\u00f1ola, que estructurar\u00eda el pa\u00eds en Comunidades Aut\u00f3nomas, siendo una de ellas Extremadura.<\/p>\r\n<p style=\"text-align: justify;\">En 1981 se elev\u00f3 un borrador de Estatuto de Autonom\u00eda para Extremadura a las Cortes. En ella se establec\u00eda como capital de Extremadura a M\u00e9rida, en detrimento de Badajoz, y no sin pugnas tambi\u00e9n con C\u00e1ceres. A Badajoz le corresponder\u00eda ser sede de la Delegaci\u00f3n del Gobierno y a C\u00e1ceres del Tribunal Superior de Justicia de Extremadura.<\/p>\r\n<p style=\"text-align: justify;\">Al a\u00f1o siguiente, el PSOE alcanza la mayor\u00eda absoluta en las Cortes y en la Junta Preauton\u00f3mica. En 1983, se aprueba el Estatuto de Autonom\u00eda de Extremadura, cre\u00e1ndose as\u00ed la Junta de Extremadura y el traslado efectivo del gobierno regional a M\u00e9rida.<\/p>\r\n<p style=\"text-align: justify;\">Por aquellos a\u00f1os asolaba a la poblaci\u00f3n una gran sequ\u00eda, aliviada en parte por la construcci\u00f3n de la nueva presa de la Pe\u00f1a del \u00c1guila, de mayor capacidad. La ciudad tambi\u00e9n recuperar\u00eda, gracias a la nueva situaci\u00f3n de libertades democr\u00e1ticas, la fiesta del carnaval. Iniciada por grupos de gente joven con ganas de divertirse y recuperar la fiesta, tuvo en los a\u00f1os posteriores un auge vertiginoso, pasando a ser una de las fiestas con m\u00e1s participaci\u00f3n ciudadana no s\u00f3lo de Extremadura, sino de Espa\u00f1a.<\/p>\r\n\r\n<h5 style=\"text-align: justify;\">La democracia (1984-2000)<\/h5>\r\n<p style=\"text-align: justify;\">En 1983 accedi\u00f3 a la alcald\u00eda de Badajoz Manuel Rojas, quien bajo su mandato la ciudad experimentar\u00eda un gran desarrollo. Entre otros logros, se impulsaron nuevos tejidos urban\u00edsticos, se construy\u00f3 el Puente de la Autonom\u00eda y se inici\u00f3 el Puente Real, se realiz\u00f3 el Pabell\u00f3n de la Granadilla y la vida cultural y festiva de la ciudad encontr\u00f3 gran acogida popular: los carnavales, el f\u00fatbol y el baloncesto. Sin embargo, en 1991 dimiti\u00f3 como alcalde por diferencias con su partido, siendo sustituido por Gabriel Montesinos.<\/p>\r\n<p style=\"text-align: justify;\">En 1995, fue nombrado alcalde Miguel Celdr\u00e1n, quien continuar\u00eda con la labor de desarrollo de la ciudad. Y es que Badajoz no dej\u00f3 de crecer en la d\u00e9cada de los 90, surgiendo nuevas barriadas y urbanizaciones en el extrarradio de la ciudad. Un hecho importante fue la desaparici\u00f3n de la frontera con Portugal en 1995, estableci\u00e9ndose la libre circulaci\u00f3n de personas y mercanc\u00edas entre los pa\u00edses europeos que firmaron el Tratado de Schengen. As\u00ed, el comercio de la ciudad se vio favorecido al poder ofrecer sus productos libremente a los ciudadanos portugueses.<\/p>\r\n<p style=\"text-align: justify;\">En noviembre de 1997 ocurri\u00f3 la \u00faltima gran riada del siglo. Esta vez no fue el r\u00edo Guadiana el protagonista, sino los arroyos Rivillas y Calam\u00f3n, muy crecidos gracias a un temporal de lluvia que hizo subir su caudal hasta l\u00edmites insospechados. Desgraciadamente, los barrios de Cerro de Reyes, Antonio Dom\u00ednguez, Pardaleras y San Roque fueron muy afectados, cont\u00e1ndose hasta 21 v\u00edctimas mortales. Tal desastre tuvo enorme repercusi\u00f3n nacional e internacional, mostrando la sociedad espa\u00f1ola una enorme solidaridad con las v\u00edctimas. El barrio de Cerro de Reyes fue derribado en su mayor\u00eda y sus habitantes realojados en nuevas viviendas anexas al barrio o en otras partes de la ciudad.<\/p>\r\n<p style=\"text-align: justify;\">En 2013 Miguel Celdr\u00e1n deja el cargo de Alcalde de Badajoz, siendo sustituido por Francisco Javier Fragoso.<\/p>","rendered":"<h4 style=\"text-align: justify;\">Posguerra y Desarrollismo.<\/h4>\n<p style=\"text-align: justify;\">La situaci\u00f3n en la ciudad no vari\u00f3 mucho de la vivida en el resto de poblaciones del pa\u00eds. A una dura posguerra, con escasez de alimentos y numerosas represiones pol\u00edticas, que dura aproximadamente hasta 1957, sigui\u00f3 una etapa, denominada Desarrollismo, en la que se produjo un espectacular crecimiento econ\u00f3mico.<\/p>\n<p style=\"text-align: justify;\">La ciudad, a\u00fan no repuesta de las heridas de la guerra, continu\u00f3 su expansi\u00f3n extramuros, con la aparici\u00f3n de diferentes barrios como Pardaleras o Santa Marina y la consolidaci\u00f3n de los ya existentes de San Roque y San Fernando. Hasta 1975 la ciudad fue expandi\u00e9ndose de forma cada vez m\u00e1s acelerada.<\/p>\n<h5 style=\"text-align: justify;\">Destrucci\u00f3n de las murallas<\/h5>\n<p style=\"text-align: justify;\">Tomando como pretexto la necesidad de expansi\u00f3n y de nuevos terrenos para la ciudad se siguieron produciendo nuevos derribos en las murallas, entre los que cabe mencionar principalmente el tramo que discurr\u00eda entre la Puerta de Palmas y la ermita de Pajaritos y, sobre todo, el del baluarte de San Juan, el \u00fanico completamente desaparecido. Esta destrucci\u00f3n fue especialmente traum\u00e1tica porque ya hubo numerosas voces que se elevaron en contra de esta medida, e incluso decretos que exig\u00edan la paralizaci\u00f3n de las obras, pero el ayuntamiento sigui\u00f3 con los derribos haciendo caso omiso. Qued\u00f3 de esta forma mutilado gran parte del recinto amurallado de la ciudad, perdi\u00e9ndose todas las explanadas, caminos cubiertos, plazas de armas, fosos y revellines que lo compon\u00edan (tan s\u00f3lo se han conservado algunos restos dispersos de estos elementos)<\/p>\n<h5 style=\"text-align: justify;\">Nuevas infraestructuras<\/h5>\n<p style=\"text-align: justify;\">Aparecen en estos a\u00f1os, como consecuencia del desarrollo acelerado de la ciudad, nuevas infraestructuras para mejorar la vida cotidiana, entre los que pueden destacarse el nuevo puente de la Universidad, nuevos colegios, el servicio de autobuses urbanos, etc. Pero sobre todas, podemos resaltar c\u00f3mo tras m\u00faltiples intentos en este sentido, por fin, en 1973, se aprob\u00f3 la creaci\u00f3n de la tan ansiada Universidad de Extremadura, dividida inicialmente en dos campus, uno de los cuales se situ\u00f3 en Badajoz. Llegan as\u00ed a la ciudad numerosos estudiantes, muchos de los cuales permanecer\u00e1n aqu\u00ed tras sus estudios, confiriendo a la ciudad un nuevo car\u00e1cter.<\/p>\n<p style=\"text-align: justify;\">Revoluci\u00f3n \u201cde los claveles\u201d. Tambi\u00e9n tuvo una enorme influencia en la ciudad y en su futuro inmediato el alzamiento militar que termin\u00f3 con la dictadura portuguesa en 1974, cuando el r\u00e9gimen del General Franco ya agonizaba. La Revoluci\u00f3n de los Claveles, como fue conocida, fue seguida desde la ciudad con una mezcla de curiosidad y esperanza.<\/p>\n<h4 style=\"text-align: justify;\">Transici\u00f3n y democracia (1975-2000). El futuro<\/h4>\n<p style=\"text-align: justify;\">En 1975 termina la dictadura del General Franco, abri\u00e9ndose una etapa de libertad y democracia que crear\u00eda un nuevo marco institucional en la regi\u00f3n, y por extensi\u00f3n, en la ciudad. En estos a\u00f1os, Badajoz experimentar\u00eda un crecimiento nunca visto en todos los campos: poblaci\u00f3n, comercio, industria, etc. <span style=\"font-size: 1em;\">La ciudad empieza el siglo XXI sin la frontera con Portugal y con un amplio abanico de posibilidades y esperanzas de progreso y desarrollo.<\/span><\/p>\n<h5 style=\"text-align: justify;\">La Transici\u00f3n (1975-1983)<\/h5>\n<p style=\"text-align: justify;\">Tras la muerte del General Franco a finales de 1975, asumi\u00f3 la Jefatura del Estado el rey Juan Carlos I, quien emprendi\u00f3 una reforma del Estado para abrirlo hacia la democracia. Esta reforma fue sometida a refer\u00e9ndum en toda la naci\u00f3n, consiguiendo el apoyo mayoritario de la poblaci\u00f3n, incluida la ciudad de Badajoz, donde sus gentes votaron mayoritariamente a favor del cambio.<\/p>\n<p style=\"text-align: justify;\">En 1977 se celebraron las primeras elecciones a Cortes Constituyentes, en las que la ciudad particip\u00f3 de forma mayoritaria. Un a\u00f1o despu\u00e9s se crea la Junta Preauton\u00f3mica de Extremadura, embri\u00f3n de un futuro gobierno regional, y que inicialmente situ\u00f3 su sede en Badajoz, en el antiguo Seminario de San At\u00f3n, hoy desaparecido. A finales de ese a\u00f1o, qued\u00f3 aprobada la nueva Constituci\u00f3n espa\u00f1ola, que estructurar\u00eda el pa\u00eds en Comunidades Aut\u00f3nomas, siendo una de ellas Extremadura.<\/p>\n<p style=\"text-align: justify;\">En 1981 se elev\u00f3 un borrador de Estatuto de Autonom\u00eda para Extremadura a las Cortes. En ella se establec\u00eda como capital de Extremadura a M\u00e9rida, en detrimento de Badajoz, y no sin pugnas tambi\u00e9n con C\u00e1ceres. A Badajoz le corresponder\u00eda ser sede de la Delegaci\u00f3n del Gobierno y a C\u00e1ceres del Tribunal Superior de Justicia de Extremadura.<\/p>\n<p style=\"text-align: justify;\">Al a\u00f1o siguiente, el PSOE alcanza la mayor\u00eda absoluta en las Cortes y en la Junta Preauton\u00f3mica. En 1983, se aprueba el Estatuto de Autonom\u00eda de Extremadura, cre\u00e1ndose as\u00ed la Junta de Extremadura y el traslado efectivo del gobierno regional a M\u00e9rida.<\/p>\n<p style=\"text-align: justify;\">Por aquellos a\u00f1os asolaba a la poblaci\u00f3n una gran sequ\u00eda, aliviada en parte por la construcci\u00f3n de la nueva presa de la Pe\u00f1a del \u00c1guila, de mayor capacidad. La ciudad tambi\u00e9n recuperar\u00eda, gracias a la nueva situaci\u00f3n de libertades democr\u00e1ticas, la fiesta del carnaval. Iniciada por grupos de gente joven con ganas de divertirse y recuperar la fiesta, tuvo en los a\u00f1os posteriores un auge vertiginoso, pasando a ser una de las fiestas con m\u00e1s participaci\u00f3n ciudadana no s\u00f3lo de Extremadura, sino de Espa\u00f1a.<\/p>\n<h5 style=\"text-align: justify;\">La democracia (1984-2000)<\/h5>\n<p style=\"text-align: justify;\">En 1983 accedi\u00f3 a la alcald\u00eda de Badajoz Manuel Rojas, quien bajo su mandato la ciudad experimentar\u00eda un gran desarrollo. Entre otros logros, se impulsaron nuevos tejidos urban\u00edsticos, se construy\u00f3 el Puente de la Autonom\u00eda y se inici\u00f3 el Puente Real, se realiz\u00f3 el Pabell\u00f3n de la Granadilla y la vida cultural y festiva de la ciudad encontr\u00f3 gran acogida popular: los carnavales, el f\u00fatbol y el baloncesto. Sin embargo, en 1991 dimiti\u00f3 como alcalde por diferencias con su partido, siendo sustituido por Gabriel Montesinos.<\/p>\n<p style=\"text-align: justify;\">En 1995, fue nombrado alcalde Miguel Celdr\u00e1n, quien continuar\u00eda con la labor de desarrollo de la ciudad. Y es que Badajoz no dej\u00f3 de crecer en la d\u00e9cada de los 90, surgiendo nuevas barriadas y urbanizaciones en el extrarradio de la ciudad. Un hecho importante fue la desaparici\u00f3n de la frontera con Portugal en 1995, estableci\u00e9ndose la libre circulaci\u00f3n de personas y mercanc\u00edas entre los pa\u00edses europeos que firmaron el Tratado de Schengen. As\u00ed, el comercio de la ciudad se vio favorecido al poder ofrecer sus productos libremente a los ciudadanos portugueses.<\/p>\n<p style=\"text-align: justify;\">En noviembre de 1997 ocurri\u00f3 la \u00faltima gran riada del siglo. Esta vez no fue el r\u00edo Guadiana el protagonista, sino los arroyos Rivillas y Calam\u00f3n, muy crecidos gracias a un temporal de lluvia que hizo subir su caudal hasta l\u00edmites insospechados. Desgraciadamente, los barrios de Cerro de Reyes, Antonio Dom\u00ednguez, Pardaleras y San Roque fueron muy afectados, cont\u00e1ndose hasta 21 v\u00edctimas mortales. Tal desastre tuvo enorme repercusi\u00f3n nacional e internacional, mostrando la sociedad espa\u00f1ola una enorme solidaridad con las v\u00edctimas. El barrio de Cerro de Reyes fue derribado en su mayor\u00eda y sus habitantes realojados en nuevas viviendas anexas al barrio o en otras partes de la ciudad.<\/p>\n<p style=\"text-align: justify;\">En 2013 Miguel Celdr\u00e1n deja el cargo de Alcalde de Badajoz, siendo sustituido por Francisco Javier Fragoso.<\/p>\n","protected":false},"author":1,"menu_order":14,"template":"","meta":{"pb_show_title":"on","pb_short_title":"","pb_subtitle":"","pb_authors":[],"pb_section_license":""},"chapter-type":[],"contributor":[],"license":[],"part":3,"_links":{"self":[{"href":"https:\/\/publicaciones.4gatos.es\/historiabadajoz\/wp-json\/pressbooks\/v2\/chapters\/59"}],"collection":[{"href":"https:\/\/publicaciones.4gatos.es\/historiabadajoz\/wp-json\/pressbooks\/v2\/chapters"}],"about":[{"href":"https:\/\/publicaciones.4gatos.es\/historiabadajoz\/wp-json\/wp\/v2\/types\/chapter"}],"author":[{"embeddable":true,"href":"https:\/\/publicaciones.4gatos.es\/historiabadajoz\/wp-json\/wp\/v2\/users\/1"}],"version-history":[{"count":2,"href":"https:\/\/publicaciones.4gatos.es\/historiabadajoz\/wp-json\/pressbooks\/v2\/chapters\/59\/revisions"}],"predecessor-version":[{"id":61,"href":"https:\/\/publicaciones.4gatos.es\/historiabadajoz\/wp-json\/pressbooks\/v2\/chapters\/59\/revisions\/61"}],"part":[{"href":"https:\/\/publicaciones.4gatos.es\/historiabadajoz\/wp-json\/pressbooks\/v2\/parts\/3"}],"metadata":[{"href":"https:\/\/publicaciones.4gatos.es\/historiabadajoz\/wp-json\/pressbooks\/v2\/chapters\/59\/metadata\/"}],"wp:attachment":[{"href":"https:\/\/publicaciones.4gatos.es\/historiabadajoz\/wp-json\/wp\/v2\/media?parent=59"}],"wp:term":[{"taxonomy":"chapter-type","embeddable":true,"href":"https:\/\/publicaciones.4gatos.es\/historiabadajoz\/wp-json\/pressbooks\/v2\/chapter-type?post=59"},{"taxonomy":"contributor","embeddable":true,"href":"https:\/\/publicaciones.4gatos.es\/historiabadajoz\/wp-json\/wp\/v2\/contributor?post=59"},{"taxonomy":"license","embeddable":true,"href":"https:\/\/publicaciones.4gatos.es\/historiabadajoz\/wp-json\/wp\/v2\/license?post=59"}],"curies":[{"name":"wp","href":"https:\/\/api.w.org\/{rel}","templated":true}]}}